{"id":42,"date":"2007-05-28T10:24:18","date_gmt":"2007-05-28T09:24:18","guid":{"rendered":"http:\/\/wirtschaftlichefreiheit.de\/wordpress\/?page_id=42"},"modified":"2026-04-25T14:44:02","modified_gmt":"2026-04-25T13:44:02","slug":"die-gaste","status":"publish","type":"page","link":"https:\/\/wirtschaftlichefreiheit.de\/wordpress\/?page_id=42","title":{"rendered":"Die G\u00e4ste"},"content":{"rendered":"<div class=\"autor-page-group\">\n<div class=\"autor-page-left\"><img decoding=\"async\" src=\"\/wordpress\/bilder\/abegglen.png\" alt=\"\" \/><\/div>\n<div class=\"autor-page-right\">\n<div class=\"autor-page-name\">Dr. Christian Abegglen<\/div>\n<p><a href=\"http:\/\/www.sgbs.ch\/de\/uber-uns\/dozenten\/christian-abegglen.html\">Christian Abegglen<\/a> ist Gesch\u00e4ftsf\u00fchrender Direktor, Gr\u00fcndungsdirektor und Pr\u00e4sident des Verwaltungsrates der St. Galler Business School (<a href=\"http:\/\/www.sgbs.ch\/\">SGBS<\/a>).<\/p>\n<\/div>\n<\/div>\n<div class=\"autor-page-group\">\n<div class=\"autor-page-left\"><img decoding=\"async\" src=\"\/wordpress\/bilder\/andritzky.png\" alt=\"\" \/><\/div>\n<div class=\"autor-page-right\">\n<div class=\"autor-page-name\">Dr.Jochen Andritzky<\/div>\n<p>Jochen Andritzky ist Direktor der Zukunft-Fabrik.2050 in Berlin.<\/p>\n<\/div>\n<\/div>\n<div class=\"autor-page-group\">\n<div class=\"autor-page-left\"><img decoding=\"async\" src=\"\/wordpress\/bilder\/arndt.png\" alt=\"\" \/><\/div>\n<div class=\"autor-page-right\">\n<div class=\"autor-page-name\">Dr. Christoph Arndt<\/div>\n<p><a href=\"https:\/\/www.reading.ac.uk\/spirs\/about\/staff\/c-arndt.aspx\">Christoph Arndt<\/a> ist Lecturer in Comparative Politics an der University of Reading.<\/p>\n<\/div>\n<\/div>\n<div class=\"autor-page-group\">\n<div class=\"autor-page-left\"><img decoding=\"async\" src=\"\/wordpress\/bilder\/auer.png\" alt=\"\" \/><\/div>\n<div class=\"autor-page-right\">\n<div class=\"autor-page-name\">Dr. Josef Auer<\/div>\n<p><a href=\"https:\/\/www.dbresearch.de\/PROD\/RPS_DE-PROD\/Analysen_Studien_und_Publikationen_von_Josef_Auer\/JOSEF_AUER.alias#\">Josef Auer<\/a> ist Senior Economist bei Deutsche Bank Research in Frankfurt.<\/p>\n<\/div>\n<\/div>\n<div class=\"autor-page-group\">\n<div class=\"autor-page-left\"><img decoding=\"async\" src=\"\/wordpress\/bilder\/246.png\" alt=\"\" \/><\/div>\n<div class=\"autor-page-right\">\n<div class=\"autor-page-name\">Dr. Johannes Bachmann<\/div>\n<p>Johannes Bachmann ist Diplom-Volkswirt, Marineoffizier und sicherheitspolitischer Grundsatzreferent.<\/p>\n<\/div>\n<\/div>\n<div class=\"autor-page-group\">\n<div class=\"autor-page-left\"><img decoding=\"async\" src=\"\/wordpress\/bilder\/Foto.JPG\" alt=\"\" \/><\/div>\n<div class=\"autor-page-right\">\n<div class=\"autor-page-name\">Prof. Dr. Philipp Bagus<\/div>\n<p><a href=\"http:\/\/www.philippbagus.com\/\">Philipp Bagus<\/a> ist Professor der Volkswirtschaftlehre an der Universidad Rey Juan Carlos in Madrid.<\/p>\n<\/div>\n<\/div>\n<div class=\"autor-page-group\">\n<div class=\"autor-page-left\"><img decoding=\"async\" src=\"\/wordpress\/bilder\/251.png\" alt=\"\" \/><\/div>\n<div class=\"autor-page-right\">\n<div class=\"autor-page-name\">Dr. Christoph Balz<\/div>\n<p>Christoph Balz ist Senior Economist der Commerzbank und laut Bloomberg einer der f\u00fchrenden Analysten der US-Wirtschaft.<\/p>\n<\/div>\n<\/div>\n<div class=\"autor-page-group\">\n<div class=\"autor-page-left\"><img decoding=\"async\" src=\"\/wordpress\/bilder\/batt.png\" alt=\"\" \/><\/div>\n<div class=\"autor-page-right\">\n<div class=\"autor-page-name\">Prof. Dr.\u00a0 Dr. h.c. Ulrich Battis<\/div>\n<p>Ulrich Battis ist Emeritus an der <a href=\"https:\/\/www.rewi.hu-berlin.de\/de\/lf\/em\/bts\">juristischen Fakult\u00e4t der Humboldt-Universit\u00e4t<\/a> zu Berlin und Rechtsanwalt GSK Stockmann.<\/p>\n<\/div>\n<\/div>\n<div class=\"autor-page-group\">\n<div class=\"autor-page-left\"><img decoding=\"async\" src=\"\/wordpress\/bilder\/beck.png\" alt=\"\" \/><\/div>\n<div class=\"autor-page-right\">\n<div class=\"autor-page-name\">Prof. Dr. Hanno Beck<\/div>\n<p>Hanno Beck ist Professor f\u00fcr Volkswirtschaftslehre an der <a href=\"https:\/\/www.hs-pforzheim.de\/profile\/hannobeck\">Hochschule Pforzheim.<\/a><\/p>\n<\/div>\n<\/div>\n<div class=\"autor-page-group\">\n<div class=\"autor-page-left\"><img decoding=\"async\" src=\"\/wordpress\/bilder\/becker1a.png\" alt=\"\" \/><\/div>\n<div class=\"autor-page-right\">\n<div class=\"autor-page-name\">Prof. Dr. Johannes Becker<\/div>\n<p><a href=\"https:\/\/www.wiwi.uni-muenster.de\/iff1\/institute\/people\/johannes-becker\">Johannes Becker<\/a> ist Direktor des Instituts f\u00fcr Finanzwissenschaft an der Westf\u00e4lischen Wilhelms-Universit\u00e4t M\u00fcnster.<\/p>\n<\/div>\n<\/div>\n<div class=\"autor-page-group\">\n<div class=\"autor-page-left\"><img decoding=\"async\" src=\"\/wordpress\/bilder\/sebbeck.png\" alt=\"\" \/><\/div>\n<div class=\"autor-page-right\">\n<div class=\"autor-page-name\">Sebastian Becker<\/div>\n<p><a href=\"https:\/\/www.dbresearch.de\/PROD\/RPS_DE-PROD\/Analysen_Studien_und_Publikationen_von_Sebastian_Becker\/SEBASTIAN_B_BECKER.alias\">Sebastian Becker<\/a> ist Senior Economist bei Deutsche Bank Research.<\/p>\n<\/div>\n<\/div>\n<div class=\"autor-page-group\">\n<div class=\"autor-page-left\"><img decoding=\"async\" src=\"\/wordpress\/bilder\/autoren\/becker.jpg\" alt=\"\" \/><\/div>\n<div class=\"autor-page-right\">\n<div class=\"autor-page-name\">Dr. Werner Becker<\/div>\n<p>Werner Becker war Mitarbeiter bei Deutsche Bank Research und ist Dozent an der <a href=\"http:\/\/www.frankfurt-school.de\/content\/de?gclid=CPWx5faFz8ECFQP4wgodeV4AkQ\" target=\"_blank\" rel=\"noopener\">Frankfurt School of Finance and Management<\/a>.<\/p>\n<\/div>\n<\/div>\n<div class=\"autor-page-group\">\n<div class=\"autor-page-left\"><img decoding=\"async\" src=\"\/wordpress\/bilder\/belke.JPG\" alt=\"\" \/><\/div>\n<div class=\"autor-page-right\">\n<div class=\"autor-page-name\">Prof. Dr. Ansgar Belke<\/div>\n<p><a href=\"http:\/\/www.uni-due.de\/makrooekonomik\/belke_de.shtml\" target=\"_blank\" rel=\"noopener\">Ansgar Belke<\/a> war Inhaber der <a href=\"http:\/\/www.uni-due.de\/makrooekonomik\/\" target=\"_blank\" rel=\"noopener\">Professur<\/a> f\u00fcr Volkswirtschaftslehre, insbes. Makro\u00f6konomik, an der <a href=\"http:\/\/www.uni-duisburg-essen.de\/\" target=\"_blank\" rel=\"noopener\">Universit\u00e4t<\/a> Duisburg-Essen.<\/p>\n<\/div>\n<\/div>\n<div class=\"autor-page-group\">\n<div class=\"autor-page-left\"><img decoding=\"async\" src=\"\/wordpress\/bilder\/autoren\/bender.JPG\" alt=\"\" \/><\/div>\n<div class=\"autor-page-right\">\n<div class=\"autor-page-name\">Prof. Dr. Dieter Bender<\/div>\n<p>Dieter Bender war bis zu seiner Emeritierung Inhaber des Lehrstuhls Internationale Wirtschaftsbeziehungen an der Fakult\u00e4t f\u00fcr Wirtschaftswissenschaft der <a href=\"http:\/\/www.ruhr-uni-bochum.de\/\">Ruhr-Universit\u00e4t Bochum<\/a>.<\/p>\n<\/div>\n<\/div>\n<div class=\"autor-page-group\">\n<div class=\"autor-page-left\"><img decoding=\"async\" src=\"\/wordpress\/bilder\/autoren\/axel_berger.jpg\" alt=\"\" \/><\/div>\n<div class=\"autor-page-right\">\n<div class=\"autor-page-name\">Axel Berger<\/div>\n<p><a href=\"https:\/\/www.die-gdi.de\/axel-berger\/\" target=\"blank\" rel=\"noopener\">Axel Berger<\/a> ist Wissenschaftlicher Mitarbeiter am Deutschen Institut f\u00fcr Entwicklungspolitik.<\/p>\n<\/div>\n<\/div>\n<div class=\"autor-page-group\">\n<div class=\"autor-page-left\"><img decoding=\"async\" src=\"\/wordpress\/bilder\/bernholz.png\" alt=\"\" \/><\/div>\n<div class=\"autor-page-right\">\n<div class=\"autor-page-name\">Prof. Dr. Peter Bernholz<\/div>\n<p><a href=\"http:\/\/www.wwz.unibas.ch\/fileadmin\/wwz\/redaktion\/pdf\/Bernholz_Lebenslauf.pdf\" target=\"_blank\" rel=\"noopener\">Peter Bernholz<\/a> war bis zu seiner Emeritierung ordentlicher Professor f\u00fcr National\u00f6konomie, insbesondere Wirtschaftspolitik, Geld und Au\u00dfenwirtschaft an der Universit\u00e4t <a href=\"www.unibas.ch\" target=\"_blank\" rel=\"noopener\">Basel<\/a>.<\/p>\n<\/div>\n<\/div>\n<div class=\"autor-page-group\">\n<div class=\"autor-page-left\"><img decoding=\"async\" src=\"\/wordpress\/bilder\/bieske.png\" alt=\"\" \/><\/div>\n<div class=\"autor-page-right\">\n<div class=\"autor-page-name\">Lara Bieske<\/div>\n<p>Lara Bieske ist Wissenschaftliche Mitarbeiterin am Lehrstuhl f\u00fcr Wirtschaftspolitik und Wirtschaftliche Entwickluung der Universit\u00e4t Bayreuth.<\/p>\n<\/div>\n<\/div>\n<div class=\"autor-page-group\">\n<div class=\"autor-page-left\"><img decoding=\"async\" src=\"\/wordpress\/bilder\/birke.png\" alt=\"\" \/><\/div>\n<div class=\"autor-page-right\">\n<div class=\"autor-page-name\">Prof. Dr. Franziska Birke<\/div>\n<p><a href=\"https:\/\/www.ph-freiburg.de\/berufs-und-wirtschaftspaedagogik\/das-team-des-ibw\/prof-dr-franziska-birke.html\">Franziska Birke<\/a> hat die Professur f\u00fcr Wirtschaftsp\u00e4dagogik an der P\u00e4dagogischen Hochschule Freiburg inne.<\/p>\n<\/div>\n<\/div>\n<div class=\"autor-page-group\">\n<div class=\"autor-page-left\"><img decoding=\"async\" src=\"\/wordpress\/bilder\/bluemle2.JPG\" alt=\"\" \/><\/div>\n<div class=\"autor-page-right\">\n<div class=\"autor-page-name\">Prof. Dr. Gerold Bl\u00fcmle<\/div>\n<p>Gerold Bl\u00fcmle ist emeritierter Professor f\u00fcr Volkswirtschaftslehre an der <a href=\"http:\/\/www.uni-freiburg.de\/\">Albert-Ludwigs-Universit\u00e4t Freiburg<\/a>. Er war von 1972 bis 2002 Professor f\u00fcr Mathematische \u00d6konomie.<\/p>\n<\/div>\n<\/div>\n<div class=\"autor-page-group\">\n<div class=\"autor-page-left\"><img decoding=\"async\" src=\"\/wordpress\/bilder\/gboekenkamp.jpg\" alt=\"\" \/><\/div>\n<div class=\"autor-page-right\">\n<div class=\"autor-page-name\">Dr. G\u00e9rard B\u00f6kenkamp<\/div>\n<p><a href=\"http:\/\/www.freiheit.org\/webcom\/show_article.php\/_c-157\/_nr-13478\/i.html\">G\u00e9rard B\u00f6kenkamp<\/a> ist Historiker und Referent f\u00fcr Grundsatzfragen beim Liberalen <a href=\"http:\/\/liberalesinstitut.wordpress.com\/about\/\">Institut<\/a> der Friedrich-Naumann-<a href=\"http:\/\/www.freiheit.org\/\">Stiftung<\/a> f\u00fcr die Freiheit.<\/p>\n<\/div>\n<\/div>\n<div class=\"autor-page-group\">\n<div class=\"autor-page-left\"><img decoding=\"async\" src=\"\/wordpress\/bilder\/boja.png\" alt=\"\" \/><\/div>\n<div class=\"autor-page-right\">\n<div class=\"autor-page-name\">Axel Bojanowski<\/div>\n<p>Axel Bojanowski ist Chefreporter f\u00fcr Wissenschaft bei &#8222;WELT&#8220;.<\/p>\n<\/div>\n<\/div>\n<div class=\"autor-page-group\">\n<div class=\"autor-page-left\"><img decoding=\"async\" src=\"\/wordpress\/bilder\/bordo.png\" alt=\"\" \/><\/div>\n<div class=\"autor-page-right\">\n<div class=\"autor-page-name\">Michael D. Bordo<\/div>\n<p>Michael D. Bordo ist \u00d6konomieprofessor an der Rutgers University, Distinguished Visiting Fellow bei Hoover und Mitglied des Shadow Open Market Committee.<\/p>\n<\/div>\n<\/div>\n<div class=\"autor-page-group\">\n<div class=\"autor-page-left\"><img decoding=\"async\" src=\"\/wordpress\/bilder\/hogrefe4.png\" alt=\"\" \/><\/div>\n<div class=\"autor-page-right\">\n<div class=\"autor-page-name\">Prof. Dr. Jens Boysen-Hogrefe<\/div>\n<p>Jens Boysen-Hogrefe ist stellv. Leiter des <a href=\"https:\/\/www.ifw-kiel.de\/de\/experten\/ifw\/jens-boysen-hogrefe\/\">Prognosezentrums am Ifw Kiel<\/a> und Professor an der CAU Kiel.<\/p>\n<\/div>\n<\/div>\n<div class=\"autor-page-group\">\n<div class=\"autor-page-left\"><img decoding=\"async\" src=\"\/wordpress\/bilder\/aboss.jpg\" alt=\"\" \/><\/div>\n<div class=\"autor-page-right\">\n<div class=\"autor-page-name\">Dr. Alfred Boss<\/div>\n<p><a href=\"http:\/\/www.ifw-members.ifw-kiel.de\/~alfred_boss_ifw_kiel_de\" target=\"_blank\" rel=\"noopener\">Alfred Boss<\/a> war Mitarbeiter am <a href=\"http:\/\/www.ifw-kiel.de\/\" target=\"_blank\" rel=\"noopener\">Institut<\/a> f\u00fcr Weltwirtschaft an der Christian-Albrechts-<a href=\"http:\/\/www.uni-kiel.de\/\" target=\"_blank\" rel=\"noopener\">Universit\u00e4t<\/a> zu Kiel.<\/p>\n<\/div>\n<\/div>\n<div class=\"autor-page-group\">\n<div class=\"autor-page-left\"><img decoding=\"async\" src=\"\/wordpress\/bilder\/dbraeuninger.jpg\" alt=\"\" \/><\/div>\n<div class=\"autor-page-right\">\n<div class=\"autor-page-name\">Dieter Br\u00e4uninger<\/div>\n<p><a href=\"http:\/\/www.dbresearch.com\/servlet\/reweb2.ReWEB?addmenu=false&amp;document=PROD0000000000182779&amp;rdLeftMargin=10&amp;rdShowArchivedDocus=true&amp;rwdspl=0&amp;rwframe=1&amp;rwnode=DBR_INTERNET_DE-PROD$NAVIGATION&amp;rwobj=ReDisplay.Start.class&amp;rwsite=DBR_INTERNET_DE-PROD&amp;dbiquery=null%3Abraeuninger\" target=\"_blank\" rel=\"noopener\">Dieter Br\u00e4uninger<\/a> ist Diplom-Volkswirt. Er befasste sich als Senior Economist bei <a href=\"http:\/\/www.dbresearch.com\/servlet\/reweb2.ReWEB?rwsite=DBR_INTERNET_EN-PROD\" target=\"_blank\" rel=\"noopener\">Deutsche Bank Research<\/a> viele Jahren mit Fragen der Arbeitsmarkt- und der Sozialpolitik.<\/p>\n<\/div>\n<\/div>\n<div class=\"autor-page-group\">\n<div class=\"autor-page-left\"><img decoding=\"async\" src=\"\/wordpress\/bilder\/brauntu.png\" alt=\"\" \/><\/div>\n<div class=\"autor-page-right\">\n<div class=\"autor-page-name\">Dr.Eduard Braun<\/div>\n<p>Eduard Braun ist au\u00dferplanm\u00e4\u00dfiger Professor f\u00fcr Volkswirtschaftslehre an der Technischen Universit\u00e4t Clausthal.<\/p>\n<\/div>\n<\/div>\n<div class=\"autor-page-group\">\n<div class=\"autor-page-left\"><img decoding=\"async\" src=\"\/wordpress\/bilder\/braunpic1.png\" alt=\"\" \/><\/div>\n<div class=\"autor-page-right\">\n<div class=\"autor-page-name\">Dr. Reiner Braun<\/div>\n<p>Reiner Braun ist Vorstandsvorsitzender <a href=\"https:\/\/www.empirica-institut.de\/\">empirica ag<\/a> und Gesch\u00e4ftsf\u00fchrer empirica regio.<\/p>\n<\/div>\n<\/div>\n<div class=\"autor-page-group\">\n<div class=\"autor-page-left\"><img decoding=\"async\" src=\"\/wordpress\/bilder\/brocksiek.png\" alt=\"\" \/><\/div>\n<div class=\"autor-page-right\">\n<div class=\"autor-page-name\">Markus Brocksiek<\/div>\n<p>Markus Brocksiek ist stellvertretender wissenschaftlicher Leiter &amp; Referent f\u00fcr Haushaltspolitik beim Bund der Steuerzahler Deutschland e.V.<\/p>\n<\/div>\n<\/div>\n<div class=\"autor-page-group\">\n<div class=\"autor-page-left\"><img decoding=\"async\" src=\"\/wordpress\/bilder\/brun1.png\" alt=\"\" \/><\/div>\n<div class=\"autor-page-right\">\n<div class=\"autor-page-name\">Prof. Dr. Amyo Brunetti<\/div>\n<p><a href=\"https:\/\/de.aymobrunetti.ch\/\">Aymo Brunetti<\/a> ist Professor f\u00fcr Volkswirtschaftslehre an der Universit\u00e4t Bern.<\/p>\n<\/div>\n<\/div>\n<div class=\"autor-page-group\">\n<div class=\"autor-page-left\"><img decoding=\"async\" src=\"\/wordpress\/bilder\/burg1.png\" alt=\"\" \/><\/div>\n<div class=\"autor-page-right\">\n<div class=\"autor-page-name\">Prof. Dr. Hans-Peter Burghof<\/div>\n<p>Hans-Peter Burghof ist Inhaber des Lehrstuhls f\u00fcr Bankwirtschaft und Finanzdienstleistungen an der Universit\u00e4t Hohenheim.<\/p>\n<\/div>\n<\/div>\n<div class=\"autor-page-group\">\n<div class=\"autor-page-left\"><img decoding=\"async\" src=\"\/wordpress\/bilder\/bud.JPG\" alt=\"\" \/><\/div>\n<div class=\"autor-page-right\">\n<div class=\"autor-page-name\">Prof. Dr. Oliver Budzinski<\/div>\n<p>Oliver Budzinski ist Professor f\u00fcr Volkswirtschaftslehre im Fachgebiet Wirtschaftsgeschichte am Institut f\u00fcr Volkswirtschaftslehre der TU Illmenau.<\/p>\n<\/div>\n<\/div>\n<div class=\"autor-page-group\">\n<div class=\"autor-page-left\"><img decoding=\"async\" src=\"\/wordpress\/bilder\/buettner.png\" alt=\"\" \/><\/div>\n<div class=\"autor-page-right\">\n<div class=\"autor-page-name\">Prof. Dr.Thiess B\u00fcttner<\/div>\n<p>Thiess B\u00fcttner ist Inhaber des Lehrstuhls f\u00fcr Volkswirtschaftslehre, insbesondere Finanzwissenschaft an der FAU Erlangen-N\u00fcrnberg.<\/p>\n<\/div>\n<\/div>\n<div class=\"autor-page-group\">\n<div class=\"autor-page-left\"><img decoding=\"async\" src=\"\/wordpress\/bilder\/burret.png\" alt=\"\" \/><\/div>\n<div class=\"autor-page-right\">\n<div class=\"autor-page-name\">Dr. Heiko Burret<\/div>\n<p>Heiko Burret ist Revisionsassistent, Dr. Burret GmbH Wirtschaftspr\u00fcfungs- u. Steuerberatungsgesellschaft, Ludwigshafen a. R.<\/p>\n<\/div>\n<\/div>\n<div class=\"autor-page-group\">\n<div class=\"autor-page-left\"><img decoding=\"async\" src=\"\/wordpress\/bilder\/buss1.png\" alt=\"\" \/><\/div>\n<div class=\"autor-page-right\">\n<div class=\"autor-page-name\">Prof. Dr. Peter Bu\u00dfj\u00e4ger<\/div>\n<p><a href=\"https:\/\/www.uibk.ac.at\/oeffentliches-recht\/mitglieder\/bussjaeger\/\">Peter Bu\u00dfj\u00e4ger<\/a> ist Universit\u00e4tsprofessor f\u00fcr Staatsrecht, Verwaltungslehre und Verwaltungsrecht an der Universit\u00e4t Innsbruck. Er leitet das Institut f\u00fcr F\u00f6deralismus in Innsbruck.<\/p>\n<\/div>\n<\/div>\n<div class=\"autor-page-group\">\n<div class=\"autor-page-left\"><img decoding=\"async\" src=\"\/wordpress\/bilder\/autoren\/caesar-foto-2013.jpg\" alt=\"\" \/><\/div>\n<div class=\"autor-page-right\">\n<div class=\"autor-page-name\">Prof. Dr. Rolf Caesar<\/div>\n<p><a href=\"http:\/\/de.wikipedia.org\/wiki\/Rolf_Caesar\" target=\"_blank\" rel=\"noopener\">Rolf Caesar<\/a> ist ehemaliger Inhaber des <a href=\"https:\/\/fiwi.uni-hohenheim.de\/\" target=\"_blank\" rel=\"noopener\">Lehrstuhls<\/a> f\u00fcr Finanzwissenschaft an der <a href=\"https:\/\/www.uni-hohenheim.de\/\" target=\"_blank\" rel=\"noopener\">Universit\u00e4t<\/a> Hohenheim.<\/p>\n<\/div>\n<\/div>\n<div class=\"autor-page-group\">\n<div class=\"autor-page-left\"><img decoding=\"async\" src=\"\/wordpress\/bilder\/cass.png\" alt=\"\" \/><\/div>\n<div class=\"autor-page-right\">\n<div class=\"autor-page-name\">Prof. Dr. Dieter Cassel<\/div>\n<p><a href=\"https:\/\/www.io.msm.uni-due.de\/team\/team\/dieter-cassel\/\">Dieter Cassel<\/a> ist emeritierter Professor an der Universit\u00e4t Duisburg-Essen.<\/p>\n<\/div>\n<\/div>\n<div class=\"autor-page-group\">\n<div class=\"autor-page-left\"><img decoding=\"async\" src=\"\/wordpress\/bilder\/cassel.jpg\" alt=\"\" \/><\/div>\n<div class=\"autor-page-right\">\n<div class=\"autor-page-name\">Dr. Susanne Cassel<\/div>\n<p><a href=\"http:\/\/www.econwatch.org\/organisationsc.php\" target=\"_blank\" rel=\"noopener\">Susanne Cassel<\/a> ist Vorsitzende von ECONWATCH \u2013 Gesellschaft f\u00fcr Politikanalyse e.V..<\/p>\n<\/div>\n<\/div>\n<div class=\"autor-page-group\">\n<div class=\"autor-page-left\"><img decoding=\"async\" src=\"\/wordpress\/bilder\/christen.png\" alt=\"\" \/><\/div>\n<div class=\"autor-page-right\">\n<div class=\"autor-page-name\">Elisabeth Christen PhD<\/div>\n<p><a href=\"https:\/\/www.reading.ac.uk\/spirs\/about\/staff\/c-arndt.aspx\">Elisabeth Christen ist Senior Economist am WiFo Wien.<\/a><\/p>\n<\/div>\n<\/div>\n<div class=\"autor-page-group\">\n<div class=\"autor-page-left\"><img decoding=\"async\" src=\"\/wordpress\/bilder\/creutzburg.jpg\" alt=\"\" \/><\/div>\n<div class=\"autor-page-right\">\n<div class=\"autor-page-name\">Dietrich Creutzburg<\/div>\n<p><a href=\"http:\/\/www.faz.net\/redaktion\/dietrich-creutzburg-12237791.html\" target=\"blank\" rel=\"noopener\">Dietrich Creutzburg<\/a> ist Wirtschaftsredakteur bei der <a href=\"http:\/\/www.faz.net\/\">FAZ<\/a>.<\/p>\n<\/div>\n<\/div>\n<div class=\"autor-page-group\">\n<div class=\"autor-page-left\"><img decoding=\"async\" src=\"\/wordpress\/bilder\/dathe.png\" alt=\"\" \/><\/div>\n<div class=\"autor-page-right\">\n<div class=\"autor-page-name\">Dr.Uwe Dathe<\/div>\n<p>Uwe Dathe ist Wissenschaftlicher Mitarbeiter bei Th\u00fcringer Universit\u00e4ts- und Landesbibliothek in Jena.<\/p>\n<\/div>\n<\/div>\n<div class=\"autor-page-group\">\n<div class=\"autor-page-left\"><img decoding=\"async\" src=\"\/wordpress\/bilder\/dewenter.JPG\" alt=\"\" \/><\/div>\n<div class=\"autor-page-right\">\n<div class=\"autor-page-name\">Prof. Dr. Ralf Dewenter<\/div>\n<p><a href=\"http:\/\/www.tu-ilmenau.de\/fakww\/Univ-Prof-Dr-rer.1273.0.html\" target=\"_blank\" rel=\"noopener\">Ralf Dewenter<\/a> leitet das Fachgebiet <a href=\"http:\/\/www.tu-ilmenau.de\/fakww\/Wirtschaftstheorie.634.0.html?&amp;no_cache=1\" target=\"_blank\" rel=\"noopener\">Wirtschaftstheorie<\/a> an der <a href=\"http:\/\/www.tu-ilmenau.de\/\" target=\"_blank\" rel=\"noopener\">Technischen Universit\u00e4t Ilmenau<\/a>.<\/p>\n<\/div>\n<\/div>\n<div class=\"autor-page-group\">\n<div class=\"autor-page-left\"><img decoding=\"async\" src=\"\/wordpress\/bilder\/adreher.jpg\" alt=\"\" \/><\/div>\n<div class=\"autor-page-right\">\n<div class=\"autor-page-name\">Prof. Dr. Axel Dreher<\/div>\n<p><a href=\"http:\/\/www.uni-goettingen.de\/en\/88544.html\" target=\"_blank\" rel=\"noopener\">Axel Dreher<\/a> ist Professor f\u00fcr Entwicklungs\u00f6konomik und Internationale Wirtschaft und Gesch\u00e4ftsf\u00fchrender Direktor am Centrum f\u00fcr Euopa-, Governance und Entwicklungsforschung (<a href=\"http:\/\/www.uni-goettingen.de\/de\/sh\/60864.html\" target=\"_blank\" rel=\"noopener\">cege<\/a>) and der Georg-August-<a href=\"http:\/\/www.uni-goettingen.de\/\" target=\"_blank\" rel=\"noopener\">Universit\u00e4t<\/a> G\u00f6ttingen.<\/p>\n<\/div>\n<\/div>\n<div class=\"autor-page-group\">\n<div class=\"autor-page-left\"><img decoding=\"async\" src=\"\/wordpress\/bilder\/dullien.png\" alt=\"\" \/><\/div>\n<div class=\"autor-page-right\">\n<div class=\"autor-page-name\">Prof. Dr. Sebastian Dullien<\/div>\n<p>Sebastian Dullien\u00a0 leitet das Institut f\u00fcr Makro\u00f6konomie und Konjunkturforschung der Hans-B\u00f6ckler-Stiftung und ist Professor f\u00fcr Volkswirtschaftslehre an der Hochschule f\u00fcr Technik und Wirtschaft Berlin.<\/p>\n<\/div>\n<\/div>\n<div class=\"autor-page-group\">\n<div class=\"autor-page-left\"><img decoding=\"async\" src=\"\/wordpress\/bilder\/autoren\/jeber.jpg\" alt=\"\" \/><\/div>\n<div class=\"autor-page-right\">\n<div class=\"autor-page-name\">Johannes Eber<\/div>\n<p>Johannes Eber ist \u00d6konom, lebt in Berlin, und fotografiert gerne. Seine Homepage: <a href=\"https:\/\/johanneseber.de\">https:\/\/johanneseber.de <\/a><\/p>\n<\/div>\n<\/div>\n<div class=\"autor-page-group\">\n<div class=\"autor-page-left\"><img decoding=\"async\" src=\"\/wordpress\/bilder\/ebert.png\" alt=\"\" \/><\/div>\n<div class=\"autor-page-right\">\n<div class=\"autor-page-name\">Dr. Sven Ebert<\/div>\n<p>Sven Ebert ist Senior Research Analysts bei Flossbach von Storch.<\/p>\n<\/div>\n<\/div>\n<div class=\"autor-page-group\">\n<div class=\"autor-page-left\"><img decoding=\"async\" src=\"\/wordpress\/bilder\/ehrmann.png\" alt=\"\" \/><\/div>\n<div class=\"autor-page-right\">\n<div class=\"autor-page-name\">Prof. Dr. Thomas Ehrmann<\/div>\n<p><a href=\"https:\/\/www.wiwi.uni-muenster.de\/ism\/institut\/mitarbeiter\/thomas-ehrmann\">Thomas Ehrmann<\/a> ist Professor f\u00fcr Betriebswirtschaftslehre an der Westf\u00e4lischen-Wilhelms-Universit\u00e4t M\u00fcnster.<\/p>\n<\/div>\n<\/div>\n<div class=\"autor-page-group\">\n<div class=\"autor-page-left\"><img decoding=\"async\" src=\"\/wordpress\/bilder\/autoren\/reiner_eichenberger.jpg\" alt=\"\" \/><\/div>\n<div class=\"autor-page-right\">\n<div class=\"autor-page-name\">Prof. Dr. Reiner Eichenberger<\/div>\n<p><a href=\"http:\/\/www.unifr.ch\/finwiss\/de\/team\/ree\">Reiner Eichenberger<\/a> ist Ordinarius f\u00fcr Theorie der Wirtschafts- und Finanzpolitik an der Universit\u00e4t Fribourg sowie Forschungsdirektor von CREMA (Center for Research in Economics, Management and the Arts).<\/p>\n<\/div>\n<\/div>\n<div class=\"autor-page-group\">\n<div class=\"autor-page-left\"><img decoding=\"async\" src=\"\/wordpress\/bilder\/270.png\" alt=\"\" \/><\/div>\n<div class=\"autor-page-right\">\n<div class=\"autor-page-name\">Prof. Dr. Alexander Eisenkopf<\/div>\n<p>Alexander Eisenkopf ist Inhaber des <a href=\"https:\/\/www.zu.de\/lehrstuehle\/verkehrspolitik\/index.php\">Lehrstuhls f\u00fcr Wirtschafts- und Verkehrspolitik<\/a> an der Zeppelin Universit\u00e4t Friedrichshafen.<\/p>\n<\/div>\n<\/div>\n<div class=\"autor-page-group\">\n<div class=\"autor-page-left\"><img decoding=\"async\" src=\"\/wordpress\/bilder\/felber.png\" alt=\"\" \/><\/div>\n<div class=\"autor-page-right\">\n<div class=\"autor-page-name\">Prof. Dr. Gabriel Felbermayr<\/div>\n<p><a href=\"https:\/\/www.ifw-kiel.de\/de\/experten\/ifw\/gabriel-felbermayr\/\">Gabriel Felbermayr<\/a> ist Direktor des WiFo in Wien.<\/p>\n<\/div>\n<\/div>\n<div class=\"autor-page-group\">\n<div class=\"autor-page-left\"><img decoding=\"async\" src=\"\/wordpress\/bilder\/feld1.png\" alt=\"\" \/><\/div>\n<div class=\"autor-page-right\">\n<div class=\"autor-page-name\">Prof. Dr. Dr. h.c. Lars P. Feld<\/div>\n<p><a href=\"http:\/\/www.eucken.de\/de\/institut\/leitung-prof-dr-dr-h-c-lars-p-feld.html\">Lars P. Feld<\/a> ist Leiter des Walter Eucken Instituts und Professor f\u00fcr Wirtschaftspolitik, Universit\u00e4t Freiburg<\/p>\n<\/div>\n<\/div>\n<div class=\"autor-page-group\">\n<div class=\"autor-page-left\"><img decoding=\"async\" src=\"\/wordpress\/bilder\/foellmi1.png\" alt=\"\" \/><\/div>\n<div class=\"autor-page-right\">\n<div class=\"autor-page-name\">Prof. Dr. Reto F\u00f6llmi<\/div>\n<p>Reto F\u00f6llmi ist Professor f\u00fcr Volkswirtschaftslehre, SIAW-HSG, Universit\u00e4t St. Gallen<\/p>\n<\/div>\n<\/div>\n<div class=\"autor-page-group\">\n<div class=\"autor-page-left\"><img decoding=\"async\" src=\"\/wordpress\/bilder\/franz.png\" alt=\"\" \/><\/div>\n<div class=\"autor-page-right\">\n<div class=\"autor-page-name\">Prof. Dr. Wolfgang Franz<\/div>\n<p>Wolfgang Franz war Pr\u00e4sident des Zentrums f\u00fcr Europ\u00e4ische Wirtschaftsforschung.<\/p>\n<\/div>\n<\/div>\n<div class=\"autor-page-group\">\n<div class=\"autor-page-left\"><img decoding=\"async\" src=\"\/wordpress\/bilder\/fratzsch.png\" alt=\"\" \/><\/div>\n<div class=\"autor-page-right\">\n<div class=\"autor-page-name\">Prof. Dr. Marcel Fratzscher<\/div>\n<p><a href=\"https:\/\/www.diw.de\/de\/diw_01.c.414852.de\/ueber_uns\/menschen_am_diw_berlin\/fratzscher_marcel.html\">Marcel Fratzscher<\/a> ist Pr\u00e4sident das Deutsche Institut f\u00fcr Wirtschaftsforschung und Professor f\u00fcr Makro\u00f6konomie und Finanzen an der Humboldt-Universit\u00e4t Berlin.<\/p>\n<\/div>\n<\/div>\n<div class=\"autor-page-group\">\n<div class=\"autor-page-left\"><img decoding=\"async\" src=\"\/wordpress\/bilder\/autoren\/markus_fredebeul-krein.jpg\" alt=\"\" \/><\/div>\n<div class=\"autor-page-right\">\n<div class=\"autor-page-name\">Prof. Dr. Markus Fredebeul-Krein<\/div>\n<p><a href=\"https:\/\/www.fh-aachen.de\/menschen\/fredebeul-krein\/\" target=\"blank\" rel=\"noopener\">Markus Fredebeul-Krein<\/a> ist Professor f\u00fcr Volkswirtschaftslehre, insbesondere Wirtschaftspolitik an der Fachhochschule Aachen.<\/p>\n<\/div>\n<\/div>\n<div class=\"autor-page-group\">\n<div class=\"autor-page-left\"><img decoding=\"async\" src=\"\/wordpress\/bilder\/243.png\" alt=\"\" \/><\/div>\n<div class=\"autor-page-right\">\n<div class=\"autor-page-name\">Prof. Dr. Andreas Freytag<\/div>\n<p>Andreas Freytag ist Professor f\u00fcr Wirtschaftspolitik an der <a href=\"http:\/\/www.uni-jena.de\/\">Friedrich-Schiller-Universit\u00e4t Jena<\/a>.<\/p>\n<\/div>\n<\/div>\n<div class=\"autor-page-group\">\n<div class=\"autor-page-left\"><img decoding=\"async\" src=\"\/wordpress\/bilder\/abu.png\" alt=\"\" \/><\/div>\n<div class=\"autor-page-right\">\n<div class=\"autor-page-name\">Mahmoud Abu Ghzalah<\/div>\n<p>Mahmoud Abu Ghzalah ist US-Volkswirt bei Berenberg in New York.<\/p>\n<\/div>\n<\/div>\n<div class=\"autor-page-group\">\n<div class=\"autor-page-left\"><img decoding=\"async\" src=\"\/wordpress\/bilder\/331.png\" alt=\"\" \/><\/div>\n<div class=\"autor-page-right\">\n<div class=\"autor-page-name\">Prof. Dr. Werner Glei\u00dfner<\/div>\n<p><a href=\"https:\/\/www.reading.ac.uk\/spirs\/about\/staff\/c-arndt.aspx\">Werner Glei\u00dfner ist Vorstand der <\/a><a href=\"http:\/\/www.futurevalue.de\/\">FutureValue Group AG<\/a> und Honorarprofessor an der TU Dresden.<\/p>\n<\/div>\n<\/div>\n<div class=\"autor-page-group\">\n<div class=\"autor-page-left\"><img decoding=\"async\" src=\"\/wordpress\/bilder\/vgr.png\" alt=\"\" \/><\/div>\n<div class=\"autor-page-right\">\n<div class=\"autor-page-name\">Prof. Dr. Vitali Gretschko<\/div>\n<p>Vitali Gretschko ist Leiter der <a href=\"https:\/\/www.zew.de\/de\/team\/vgr\/\">ZEW-Forschergruppe &#8222;Marktdesign&#8220;<\/a> und Professor f\u00fcr Marktdesign an der Universit\u00e4t Mannheim<\/p>\n<\/div>\n<\/div>\n<div class=\"autor-page-group\">\n<div class=\"autor-page-left\"><img decoding=\"async\" src=\"\/wordpress\/bilder\/autoren\/groemling_michael.jpg\" alt=\"\" \/><\/div>\n<div class=\"autor-page-right\">\n<div class=\"autor-page-name\">Prof. Dr. Michael Gr\u00f6mling<\/div>\n<p>Michael Gr\u00f6mling ist <a href=\"http:\/\/www.fh-bad-honnef.de\/cms\/index.php\/de\/about_us\/team\" target=\"_blank\" rel=\"noopener\">Professor<\/a> f\u00fcr Volkswirtschaftslehre an der Internationalen <a href=\"http:\/\/www.fh-bad-honnef.de\/\" target=\"_blank\" rel=\"noopener\">Fachhochschule<\/a> Bad Honnef \/ Bonn und leitet das Referat <a href=\"http:\/\/www.iwkoeln.de\/tabid\/104\/default.aspx\" target=\"_blank\" rel=\"noopener\">Makro\u00f6konomische Grundsatzfragen<\/a> beim <a href=\"http:\/\/www.iwkoeln.de\/\" target=\"_blank\" rel=\"noopener\">Institut<\/a> der deutschen Wirtschaft K\u00f6ln.<\/p>\n<\/div>\n<\/div>\n<div class=\"autor-page-group\">\n<div class=\"autor-page-left\"><img decoding=\"async\" src=\"\/wordpress\/bilder\/grundler.png\" alt=\"\" \/><\/div>\n<div class=\"autor-page-right\">\n<div class=\"autor-page-name\">Prof. Dr. Klaus Gr\u00fcndler<\/div>\n<p>Klaus Gr\u00fcndler ist Professor f\u00fcr Volkswirtschaftslehre und Makro\u00f6konomik an der Universit\u00e4t Kassel und Forschungsprofessor am ifo Institut in M\u00fcnchen. Forschungsgebiete: Wirtschaftspolitik, Makro\u00f6konomik, angewandte \u00d6konomik.<\/p>\n<\/div>\n<\/div>\n<div class=\"autor-page-group\">\n<div class=\"autor-page-left\"><img decoding=\"async\" src=\"\/wordpress\/bilder\/tom.png\" alt=\"\" \/><\/div>\n<div class=\"autor-page-right\">\n<div class=\"autor-page-name\">Tom G\u00fcnther<\/div>\n<p>Tom G\u00fcnther ist Wissenschaftlicher Mitarbeiter am Lehrstuhl f\u00fcr Finanzwissenschaft der FU Berlin.<\/p>\n<\/div>\n<\/div>\n<div class=\"autor-page-group\">\n<div class=\"autor-page-left\"><img decoding=\"async\" src=\"\/wordpress\/bilder\/gueth.jpg\" alt=\"\" \/><\/div>\n<div class=\"autor-page-right\">\n<div class=\"autor-page-name\">Prof. Dr. Werner G\u00fcth<\/div>\n<p>Werner G\u00fcth war Direktor der Abteilung <a href=\"http:\/\/www.econ.mpg.de\/english\/staff\/esi\/gueth\">strategische Interaktion<\/a> am <a href=\"http:\/\/www.econ.mpg.de\/english\/\">Max-Planck-Institut f\u00fcr \u00d6konomie<\/a> in Jena.<\/p>\n<\/div>\n<\/div>\n<div class=\"autor-page-group\">\n<div class=\"autor-page-left\"><img decoding=\"async\" src=\"\/wordpress\/bilder\/haner.png\" alt=\"\" \/><\/div>\n<div class=\"autor-page-right\">\n<div class=\"autor-page-name\">Dr. Melanie H\u00e4ner-M\u00fcller<\/div>\n<p><a href=\"https:\/\/www.iwp.swiss\/team\/#melanie-haner\">Melanie H\u00e4ner-M\u00fcller <\/a>ist Bereichsleiterin in Sozialpolitik und Bildungsverantwortliche am IWP Luzern.<\/p>\n<\/div>\n<\/div>\n<div class=\"autor-page-group\">\n<div class=\"autor-page-left\"><img decoding=\"async\" src=\"\/wordpress\/bilder\/Download.jpg\" alt=\"\" \/><\/div>\n<div class=\"autor-page-right\">\n<div class=\"autor-page-name\">Prof. Dr. Christian Hagist<\/div>\n<p><a href=\"https:\/\/www.whu.edu\/de\/fakultaet-forschung\/economics-group\/center-fuer-intergenerative-finanzwissenschaft\/\">Christian Hagist<\/a> ist Professor f\u00fcr Wirtschafts- und Sozialpolitik und Akademischer Direktor des Centrums f\u00fcr Intergenerative Finanzwissenschaft (CIF) an der WHU in Vallendar.<\/p>\n<\/div>\n<\/div>\n<div class=\"autor-page-group\">\n<div class=\"autor-page-left\"><img decoding=\"async\" src=\"\/wordpress\/bilder\/hank.jpg\" alt=\"\" \/><\/div>\n<div class=\"autor-page-right\">\n<div class=\"autor-page-name\">Dr. Rainer Hank<\/div>\n<p><a href=\"http:\/\/www.faz.net\/s\/RubD87FF48828064DAA974C2FF3CC5F6867\/Doc~EE79B988B5E3446239C4F753328DB2115~ATpl~Ecommon~Scontent~AOrd~EA4648D1ABD3A4CCC9429D6FAA8058CE3.html\" target=\"_blank\" rel=\"noopener\">Rainer Hank<\/a> war Leiter der Wirtschaftsredaktion der <a href=\"http:\/\/www.faz.net\/\" target=\"_blank\" rel=\"noopener\">Frankfurter Allgemeinen Sonntagszeitung<\/a> und Kolumnist der Monatszeitschrift <a href=\"http:\/\/www.online-merkur.de\/\" target=\"_blank\" rel=\"noopener\">&#8222;Merkur&#8220;<\/a>.<\/p>\n<\/div>\n<\/div>\n<div class=\"autor-page-group\">\n<div class=\"autor-page-left\"><img decoding=\"async\" src=\"\/wordpress\/bilder\/autoren\/Hass.jpg\" alt=\"\" \/><\/div>\n<div class=\"autor-page-right\">\n<div class=\"autor-page-name\">Dr. Hans-Joachim Ha\u00df<\/div>\n<p>Hans-Joachim Ha\u00df war Chef\u00f6konom des <a href=\"http:\/\/www.bdi.eu\/\">Bundesverbandes der Deutschen Industrie (BDI)<\/a> in Berlin.<\/p>\n<\/div>\n<\/div>\n<div class=\"autor-page-group\">\n<div class=\"autor-page-left\"><img decoding=\"async\" src=\"\/wordpress\/bilder\/autoren\/haucap.jpg\" alt=\"\" \/><\/div>\n<div class=\"autor-page-right\">\n<div class=\"autor-page-name\">Prof. Dr. Justus Haucap<\/div>\n<p><a href=\"http:\/\/www.dice.uni-duesseldorf.de\/Institut\/Direktor\" target=\"blank\" rel=\"noopener\">Justus Haucap<\/a> ist Direktor des Instituts f\u00fcr Wettbewerbs\u00f6konommie (<a href=\"http:\/\/www.dice.uni-duesseldorf.de\/Institut\" target=\"blank\" rel=\"noopener\">DICE<\/a>) an der <a href=\"http:\/\/www.uni-duesseldorf.de\/\" target=\"blank\" rel=\"noopener\">Heinrich-Heine-Universit\u00e4t<\/a> D\u00fcsseldorf.<\/p>\n<\/div>\n<\/div>\n<div class=\"autor-page-group\">\n<div class=\"autor-page-left\"><img decoding=\"async\" src=\"\/wordpress\/bilder\/315.png\" alt=\"\" \/><\/div>\n<div class=\"autor-page-right\">\n<div class=\"autor-page-name\">Prof. Dr. Rainer Hegselmann<\/div>\n<p>Rainer Hegselmann lehrt und forscht er an der <a href=\"https:\/\/www.frankfurt-school.de\/home\/research\/staff\/Rainer-Hegselmann\">Frankfurt School of Finance &amp; Manangement<\/a>.<\/p>\n<\/div>\n<\/div>\n<div class=\"autor-page-group\">\n<div class=\"autor-page-left\"><img decoding=\"async\" src=\"\/wordpress\/bilder\/heine777.png\" alt=\"\" \/><\/div>\n<div class=\"autor-page-right\">\n<div class=\"autor-page-name\">Prof. Dr. Klaus Heine<\/div>\n<p>Klaus Heine ist Prof. f\u00fcr Law &amp; Economics an der Erasmus School of Law in Rotterdam.<\/p>\n<\/div>\n<\/div>\n<div class=\"autor-page-group\">\n<div class=\"autor-page-left\"><img decoding=\"async\" src=\"\/wordpress\/bilder\/Heinemann.png\" alt=\"\" \/><\/div>\n<div class=\"autor-page-right\">\n<div class=\"autor-page-name\">Prof. Dr. Friedrich Heinemann<\/div>\n<p><a href=\"https:\/\/www.zew.de\/team\/fhe\">Friedrich Heinemann<\/a> leitet am ZEW \u2013 Leibniz-Zentrum f\u00fcr Europ\u00e4ische Wirtschaftsforschung den Forschungsbereich \u00d6ffentliche Finanzen und lehrt Volkswirtschaftslehre an der Universit\u00e4t Heidelberg.<\/p>\n<\/div>\n<\/div>\n<div class=\"autor-page-group\">\n<div class=\"autor-page-left\"><img decoding=\"async\" src=\"\/wordpress\/bilder\/autoren\/heinen.jpg\" alt=\"\" \/><\/div>\n<div class=\"autor-page-right\">\n<div class=\"autor-page-name\">Dr. Nicolaus Heinen<\/div>\n<p>Nicolaus Heinen ist Analyst f\u00fcr europ\u00e4ische Wirtschaftspolitik bei der <a href=\"http:\/\/www.dbresearch.de\/servlet\/reweb2.ReWEB?rwnode=DBR_INTERNET_DE-PROD$WIPO&amp;rwsite=DBR_INTERNET_DE-PROD\">Deutschen Bank<\/a> und Lehrbeauftragter an der <a href=\"http:\/\/cmr.uni-koeln.de\/11430.html?&amp;no_cache=1\">Universit\u00e4t K\u00f6ln<\/a>.<\/p>\n<\/div>\n<\/div>\n<div class=\"autor-page-group\">\n<div class=\"autor-page-left\"><img decoding=\"async\" src=\"\/wordpress\/bilder\/autoren\/hellwig.jpg\" alt=\"\" \/><\/div>\n<div class=\"autor-page-right\">\n<div class=\"autor-page-name\">Prof. Dr. Martin Hellwig<\/div>\n<p><a href=\"http:\/\/www.coll.mpg.de\/team\/page\/martin_hellwig\" target=\"_blank\" rel=\"noopener\">Martin Hellwig<\/a> war Direktor am <a href=\"http:\/\/www.coll.mpg.de\/\" target=\"_blank\" rel=\"noopener\">Max-Planck-Institut zur Erforschung von Gemeinschaftsg\u00fctern<\/a> in Bonn und Mitglied der Rechts- und Staatswissenschaftlichen Fakult\u00e4t an der Universit\u00e4t Bonn.<\/p>\n<\/div>\n<\/div>\n<div class=\"autor-page-group\">\n<div class=\"autor-page-left\"><img decoding=\"async\" src=\"\/wordpress\/bilder\/hentrich.jpg\" alt=\"\" \/><\/div>\n<div class=\"autor-page-right\">\n<div class=\"autor-page-name\">Steffen Hentrich<\/div>\n<p>Steffen Hentrich ist <a href=\"http:\/\/www.freiheit.org\/webcom\/show_article.php\/_c-157\/_nr-2184\/i.html\">Referent f\u00fcr Grundsatzfragen<\/a> am <a href=\"http:\/\/www.freiheit.org\/Aktuell\/11c\/index.html\">Liberalen Institut<\/a> der Friedrich Naumann Stiftung.<\/p>\n<\/div>\n<\/div>\n<div class=\"autor-page-group\">\n<div class=\"autor-page-left\"><img decoding=\"async\" src=\"\/wordpress\/bilder\/henke.png\" alt=\"\" \/><\/div>\n<div class=\"autor-page-right\">\n<div class=\"autor-page-name\">Prof. Dr. Klaus-Dirk Henke<\/div>\n<p><a href=\"http:\/\/finance.ww.tu-berlin.de\/home\/webhome.nsf\/0\/5DC995E29D8F0FA9C1256AB4007371C8?OpenDocument\" target=\"_blank\" rel=\"noopener\">Klaus-Dirk Henke<\/a> war Professor f\u00fcr Finanzwissenschaft und Gesundheits\u00f6konomie am <a href=\"http:\/\/www.wm.tu-berlin.de\/\" target=\"_blank\" rel=\"noopener\">Fachbereich<\/a> Wirtschaft und Management der Technischen Universit\u00e4t <a href=\"http:\/\/www.tu-berlin.de\" target=\"_blank\" rel=\"noopener\">Berlin<\/a>.<\/p>\n<\/div>\n<\/div>\n<div class=\"autor-page-group\">\n<div class=\"autor-page-left\"><img decoding=\"async\" src=\"\/wordpress\/bilder\/Bild-2hermani5-768x1024.jpg\" alt=\"\" \/><\/div>\n<div class=\"autor-page-right\">\n<div class=\"autor-page-name\">Dr. Ulrich Hermani<\/div>\n<p>Ulrich P. Hermani war bis 2014 Gesch\u00e4ftsf\u00fchrer des VDMA Baden-W\u00fcrttemberg und Vorstand der IMPULS-Stiftung des VDMA, seit 2014 Senior Advisor der STAUFEN AG<\/p>\n<\/div>\n<\/div>\n<div class=\"autor-page-group\">\n<div class=\"autor-page-left\"><img decoding=\"async\" src=\"\/wordpress\/bilder\/hesse.png\" alt=\"\" \/><\/div>\n<div class=\"autor-page-right\">\n<div class=\"autor-page-name\">Dr. Nils Hesse<\/div>\n<p>Nils Hesse ist Affiliated Fellow des Walter-Eucken-Instituts.<\/p>\n<\/div>\n<\/div>\n<div class=\"autor-page-group\">\n<div class=\"autor-page-left\"><img decoding=\"async\" src=\"\/wordpress\/bilder\/Heymann1.png\" alt=\"\" \/><\/div>\n<div class=\"autor-page-right\">\n<div class=\"autor-page-name\">Eric Heymann<\/div>\n<p><a href=\"https:\/\/www.dbresearch.de\/PROD\/RPS_DE-PROD\/Analysen_Studien_und_Publikationen_von_Eric_Heymann\/ERIC_HEYMANN.alias\">Eric Heymann<\/a> ist Senior Economist bei Deutsche Bank Research in Frankfurt.<\/p>\n<\/div>\n<\/div>\n<div class=\"autor-page-group\">\n<div class=\"autor-page-left\"><img decoding=\"async\" src=\"\/wordpress\/bilder\/hoffmann.png\" alt=\"\" \/><\/div>\n<div class=\"autor-page-right\">\n<div class=\"autor-page-name\">Dr. Anja Hoffmann<\/div>\n<p>Anja Hoffmann ist Wissenschaftliche Referention beim CEP.<\/p>\n<\/div>\n<\/div>\n<div class=\"autor-page-group\">\n<div class=\"autor-page-left\"><img decoding=\"async\" src=\"\/wordpress\/bilder\/386.png\" alt=\"\" \/><\/div>\n<div class=\"autor-page-right\">\n<div class=\"autor-page-name\">Prof. Dr. Oliver Holtem\u00f6ller<\/div>\n<p><a href=\"https:\/\/www.iwh-halle.de\/ueber-das-iwh\/team\/detail\/oliver-holtemoeller\/\"> Professor Dr. Oliver Holtem\u00f6ller<\/a> ist stellvertretender Pr\u00e4sident des Leibniz-Instituts f\u00fcr Wirtschaftsforschung Halle (IWH). Er ist Professor f\u00fcr Volkswirtschaftslehre an der Martin-Luther-Universit\u00e4t Halle-Wittenberg.<\/p>\n<\/div>\n<\/div>\n<div class=\"autor-page-group\">\n<div class=\"autor-page-left\"><img decoding=\"async\" src=\"\/wordpress\/bilder\/347.png\" alt=\"\" \/><\/div>\n<div class=\"autor-page-right\">\n<div class=\"autor-page-name\">Prof. Dr. Stefan Homburg<\/div>\n<p>Stefan Homburg ist Direktor des Instituts f\u00fcr <a href=\"https:\/\/www.fiwi.uni-hannover.de\/homburg.html\">\u00d6ffentliche Finanzen an der Leibnitz Universit\u00e4t Hannover<\/a>.<\/p>\n<\/div>\n<\/div>\n<div class=\"autor-page-group\">\n<div class=\"autor-page-left\"><img decoding=\"async\" src=\"\/wordpress\/bilder\/horn.png\" alt=\"\" \/><\/div>\n<div class=\"autor-page-right\">\n<div class=\"autor-page-name\">Prof. Dr. Gustav A. Horn<\/div>\n<div>Gustav A. Horn war wissenschaftlicher Direktor des Instituts f\u00fcr Makro\u00f6konomie und Konjunkturforschung (IMK) in der Hans-B\u00f6ckler-Stiftung und Professor an der Universit\u00e4t Duisburg-Essen.<\/div>\n<div>\u00a0<\/div>\n<\/div>\n<\/div>\n<div class=\"autor-page-group\">\n<div class=\"autor-page-left\"><img decoding=\"async\" src=\"\/wordpress\/bilder\/autoren\/desoto.jpg\" alt=\"\" \/><\/div>\n<div class=\"autor-page-right\">\n<div class=\"autor-page-name\">Prof. Dr. Dr. Jesus Huerta de Soto<\/div>\n<p>Jesus Huerta de Soto ist Professor f\u00fcr Wirtschaftspolitik an der <a href=\"http:\/\/www.urjc.es\/\">Universit\u00e4t Rey Juan Carlos<\/a>, Mitglied des <a href=\"http:\/\/www.mises.org\/\">Ludwig Mises Institute<\/a> und Vorsitzender der <a href=\"https:\/\/www.montpelerin.org\/montpelerin\/index.html\">Mont Pelerin Society<\/a>.<\/p>\n<\/div>\n<\/div>\n<div class=\"autor-page-group\">\n<div class=\"autor-page-left\"><img decoding=\"async\" src=\"\/wordpress\/bilder\/hurst.jpg\" alt=\"\" \/><\/div>\n<div class=\"autor-page-right\">\n<div class=\"autor-page-name\">Simon Hurst<\/div>\n<p>Simon Hurst, B.A., M.A. ist Projektmitarbeiter bei <a href=\"http:\/\/www.avenir-suisse.ch\/19612\/simon-hurst\/\">avenir suisse<\/a>. Er hat an der Studie <a href=\"http:\/\/www.avenir-suisse.ch\/wp-content\/uploads\/2012\/11\/zsfg_der-strapazierte-Mittelstand.pdf\">&#8222;Der strapazierte Mittelstand&#8220;<\/a> mitgearbeitet.<\/p>\n<\/div>\n<\/div>\n<div class=\"autor-page-group\">\n<div class=\"autor-page-left\"><img decoding=\"async\" src=\"\/wordpress\/bilder\/msc.png\" alt=\"\" \/><\/div>\n<div class=\"autor-page-right\">\n<div class=\"autor-page-name\">Dr.Jackson Janes<\/div>\n<p>Jackson Janes ist Resident Senior Fellow beim German Marshall Fund in Washington D.C. und emeritierter Pr\u00e4sident des American Institute for Contemporary German Studies an der Johns Hopkins University in Washington D.C. (AICGS), das seit kurzem in American-German Institute umbenannt wurde.<\/p>\n<\/div>\n<\/div>\n<div class=\"autor-page-group\">\n<div class=\"autor-page-left\"><img decoding=\"async\" src=\"\/wordpress\/bilder\/Jasay.jpg\" alt=\"\" \/><\/div>\n<div class=\"autor-page-right\">\n<div class=\"autor-page-name\">Anthony de Jasay<\/div>\n<p>Anthony de Jasay war wissenschaftlicher Mitarbeiter am <a href=\"http:\/\/www.nuffield.ox.ac.uk\/Pages\/default.aspx\">Nuffield College<\/a> der Universit\u00e4t Oxford, freischaffender Journalist und Bankier.<\/p>\n<\/div>\n<\/div>\n<div class=\"autor-page-group\">\n<div class=\"autor-page-left\"><img decoding=\"async\" src=\"\/wordpress\/bilder\/jessen.png\" alt=\"\" \/><\/div>\n<div class=\"autor-page-right\">\n<div class=\"autor-page-name\">Dr. Robin Jessen<\/div>\n<p>Robin Jessen ist Leiter der Forschungsgruppe &#8222;Mikrostruktur von Steuer- und Transfersystemen&#8220; am RWI.<\/p>\n<\/div>\n<\/div>\n<div class=\"autor-page-group\">\n<div class=\"autor-page-left\"><img decoding=\"async\" src=\"\/wordpress\/bilder\/jetter.png\" alt=\"\" \/><\/div>\n<div class=\"autor-page-right\">\n<div class=\"autor-page-name\">Michael Jetter<\/div>\n<p><a href=\"http:\/\/www.web.uwa.edu.au\/people\/Michael.Jetter\">Michael Jette<\/a>r ist Lecturer an der University of Western Australia in Crawley<\/p>\n<\/div>\n<\/div>\n<div class=\"autor-page-group\">\n<div class=\"autor-page-left\"><img decoding=\"async\" src=\"\/wordpress\/bilder\/kanne2.png\" alt=\"\" \/><\/div>\n<div class=\"autor-page-right\">\n<div class=\"autor-page-name\">Christoph Kannengie\u00dfer<\/div>\n<p>Christoph Kannengie\u00dfer ist Hauptgesch\u00e4ftsf\u00fchrer des <a href=\"https:\/\/www.afrikaverein.de\/\">Afrika-Vereins der deutschen Wirtschaft e.V. Hamburg\/Berlin.<\/a><\/p>\n<\/div>\n<\/div>\n<div class=\"autor-page-group\">\n<div class=\"autor-page-left\"><img decoding=\"async\" src=\"\/wordpress\/bilder\/kaserer.jpg\" alt=\"\" \/><\/div>\n<div class=\"autor-page-right\">\n<div class=\"autor-page-name\">Prof. Dr. Christoph Kaserer<\/div>\n<p><a href=\"http:\/\/www.ifm.wi.tum.de\/kaserer.htm\" target=\"_blank\" rel=\"noopener\">Christoph Kaserer<\/a> ist Inhaber des <a href=\"http:\/\/www.ifm.wi.tum.de\/index.htm\" target=\"_blank\" rel=\"noopener\">Lehrstuhls<\/a> f\u00fcr Betriebswirtschaftslehre, insbesondere Finanzmanagement und Kapitalm\u00e4rkte, an der Technischen <a href=\"www.tu-muenchen.de\" target=\"_blank\" rel=\"noopener\">Universit\u00e4t<\/a> M\u00fcnchen (TUM) und Co-Direktor des Center for Entrepreneurial and Financial Studies (<a href=\"http:\/\/www.cefs.de\/\" target=\"_blank\" rel=\"noopener\">CEFS<\/a>).<\/p>\n<\/div>\n<\/div>\n<div class=\"autor-page-group\">\n<div class=\"autor-page-left\"><img decoding=\"async\" src=\"\/wordpress\/bilder\/autoren\/no-avatar.png\" alt=\"\" \/><\/div>\n<div class=\"autor-page-right\">\n<div class=\"autor-page-name\">Prof. Dr. Dirk Kiesewetter<\/div>\n<p><a href=\"http:\/\/www.bwl.uni-wuerzburg.de\/lehrstuehle\/bwl5\/menue\/team\/lehrstuhlinhaber\/\" target=\"blank\" rel=\"noopener\">Dirk Kiesewetter<\/a> ist Inhaber des <a href=\"http:\/\/www.bwl.uni-wuerzburg.de\/no_cache\/lehrstuehle\/bwl5\/startseite\/\" target=\"blank\" rel=\"noopener\">Lehrstuhls<\/a> f\u00fcr betriebswirtschaftliche Steuerlehre an der <a href=\"http:\/\/www.uni-wuerzburg.de\/\" target=\"blank\" rel=\"noopener\">Universit\u00e4t W\u00fcrzburg<\/a>.<\/p>\n<\/div>\n<\/div>\n<div class=\"autor-page-group\">\n<div class=\"autor-page-left\"><img decoding=\"async\" src=\"\/wordpress\/bilder\/autoren\/kirchgaessner.jpg\" alt=\"\" \/><\/div>\n<div class=\"autor-page-right\">\n<div class=\"autor-page-name\">Prof. Dr. Gebhard Kirchg\u00e4ssner<\/div>\n<p><a href=\"http:\/\/www.siaw.unisg.ch\/org\/siaw\/web.nsf\/wwwPubPersonGer\/Kirchg%C3%A4ssner+Gebhard?opendocument\" target=\"blank\" rel=\"noopener\">Gebhard Kirchg\u00e4ssner<\/a> war Direktor des <a href=\"http:\/\/www.siaw.unisg.ch\/org\/siaw\/web.nsf\/wwwPubhomepage\/webhomepageger?opendocument\" target=\"blank\" rel=\"noopener\">Schweizerischen Instituts f\u00fcr Aussenwirtschaft und Angewandte Wirtschaftsforschung (SIAW)<\/a> an der <a href=\"http:\/\/www.unisg.ch\/hsgweb.nsf\/wwwPubhomepage\/webhomepageger?opendocument\" target=\"blank\" rel=\"noopener\">Universit\u00e4t St. Gallen<\/a>.<\/p>\n<\/div>\n<\/div>\n<div class=\"autor-page-group\">\n<div class=\"autor-page-left\"><img decoding=\"async\" src=\"\/wordpress\/bilder\/autoren\/stephan_klasen.jpg\" alt=\"\" \/><\/div>\n<div class=\"autor-page-right\">\n<div class=\"autor-page-name\">Prof. Dr. Stephan Klasen<\/div>\n<p><a href=\"https:\/\/www.uni-goettingen.de\/de\/64786.html\" target=\"blank\" rel=\"noopener\">Stephan Klasen<\/a> ist Professor f\u00fcr Volkswirtschaftslehre, insbesondere Entwicklungs\u00f6konomik an der <a target=\"blank\" rel=\"noopener\">Universit\u00e4t G\u00f6ttingen<\/a> und Direktor des Ibero-America Instituts f\u00fcr Wirtschaftsforschung.<\/p>\n<\/div>\n<\/div>\n<div class=\"autor-page-group\">\n<div class=\"autor-page-left\"><img decoding=\"async\" src=\"\/wordpress\/bilder\/klaey.png\" alt=\"\" \/><\/div>\n<div class=\"autor-page-right\">\n<div class=\"autor-page-name\">Yves Kl\u00e4y<\/div>\n<p>Yves Kl\u00e4y ist Diplomassistent am Lehrstuhl f\u00fcr Wirtschafts- und Finanzpolitik an der Universit\u00e4t Fribourg (Schweiz) und forscht am IWP \u2013 Institut f\u00fcr Schweizer Wirtschaftspolitik.<\/p>\n<\/div>\n<\/div>\n<div class=\"autor-page-group\">\n<div class=\"autor-page-left\"><img decoding=\"async\" src=\"\/wordpress\/bilder\/gordonklein\" alt=\"\" \/><\/div>\n<div class=\"autor-page-right\">\n<div class=\"autor-page-name\">Prof. Dr. Gordon J. Klein<\/div>\n<p><a href=\"https:\/\/www.wiwi.uni-muenster.de\/cawm\/das-center\/personen\/gordon-klein\">Gordon J. Klein<\/a> ist Juniorprofessor am <a href=\"https:\/\/www.wiwi.uni-muenster.de\/cawm\/\">Centrum f\u00fcr Angewandte Wirtschaftsforschung <\/a>der Westf\u00e4lischen Wilhelms-Universit\u00e4t M\u00fcnster<\/p>\n<\/div>\n<\/div>\n<div class=\"autor-page-group\">\n<div class=\"autor-page-left\"><img decoding=\"async\" src=\"\/wordpress\/bilder\/klonner.png\" alt=\"\" \/><\/div>\n<div class=\"autor-page-right\">\n<div class=\"autor-page-name\">Prof. Dr. Stefan Klonner<\/div>\n<p><a href=\"https:\/\/www.uni-heidelberg.de\/sai\/wiw\/team\/klonner\/klonner.html\">Stefan Klonner<\/a> ist Professor f\u00fcr Entwicklungs\u00f6konomie am S\u00fcdasien-Institut der Ruprecht-Karls-Universit\u00e4t Heidelberg.<\/p>\n<\/div>\n<\/div>\n<div class=\"autor-page-group\">\n<div class=\"autor-page-left\"><img decoding=\"async\" src=\"\/wordpress\/bilder\/269.png\" alt=\"\" \/><\/div>\n<div class=\"autor-page-right\">\n<div class=\"autor-page-name\">Prof. Dr. mult. Nikolaus Kn\u00f6pffler<\/div>\n<p>Nikolaus Knoepffler ist <a href=\"https:\/\/www.ethik.uni-jena.de\/Mitarbeiter\/Nikolaus+Knoepffler.html\">Lehrstuhlinhaber f\u00fcr Angewandte Ethik<\/a> sowie Leiter des Bereichs Ethik in den Wissenschaften, des Instituts f\u00fcr Geschichte, Theorie und Ethik der Medizin und des \u00fcberfakult\u00e4ren Ethikzentrums der Universit\u00e4t Jena.<\/p>\n<\/div>\n<\/div>\n<div class=\"autor-page-group\">\n<div class=\"autor-page-left\"><img decoding=\"async\" src=\"\/wordpress\/bilder\/autoren\/leonhard_knoll.jpg\" alt=\"\" \/><\/div>\n<div class=\"autor-page-right\">\n<div class=\"autor-page-name\">Prof. Dr. Leonhard Knoll<\/div>\n<p>Leonhard Knoll ist apl. Professor f\u00fcr <a href=\"http:\/\/www.bwl.uni-wuerzburg.de\/lehrstuehle\/bwl4\/team\/apl_prof_dr_leonhard_knoll\/\">Betriebswirtschaftslehre<\/a> an der Universit\u00e4t W\u00fcrzburg.<\/p>\n<\/div>\n<\/div>\n<div class=\"autor-page-group\">\n<div class=\"autor-page-left\"><img decoding=\"async\" src=\"\/wordpress\/bilder\/rkoch.jpg\" alt=\"\" \/><\/div>\n<div class=\"autor-page-right\">\n<div class=\"autor-page-name\">Roland Koch<\/div>\n<p><a href=\"http:\/\/www.roland-koch.de\/\" target=\"blank\" rel=\"noopener\">Roland Koch<\/a> war hessischer Ministerpr\u00e4sident. Er war Vorstandsvorsitzender von <a href=\"http:\/\/www.bilfinger.com\/de\/home\" target=\"blank\" rel=\"noopener\">Bilfinger&amp;Berger<\/a>.<\/p>\n<\/div>\n<\/div>\n<div class=\"autor-page-left\"><img decoding=\"async\" src=\"\/wordpress\/bilder\/Koegel.png\" alt=\"\" \/><\/div>\n<div class=\"autor-page-right\">\n<div class=\"autor-page-name\">Dominik K\u00f6gel<\/div>\n<p><a href=\"http:\/\/www.hs-ansbach.de\/personen\/aussenstellen\/campus_rothenburg\/koegel_prof_dr.html\">Prof. Dr. Dominik K\u00f6gel\u00a0<\/a>ist Professor f\u00fcr Betriebswirtschaftslehre, insbes. Strategische Unternehmensentwicklung, Projektmanagement, Innovation &amp; Unternehmertum an der Hochschule Ansbach in Rothenburg ob der Tauber\u201c.<\/p>\n<\/div>\n<div class=\"autor-page-group\">\n<div class=\"autor-page-left\"><img decoding=\"async\" src=\"\/wordpress\/bilder\/koenig.png\" alt=\"\" \/><\/div>\n<div class=\"autor-page-right\">\n<div class=\"autor-page-name\">Dr. J\u00f6rg K\u00f6nig<\/div>\n<p>J\u00f6rg K\u00f6nig ist Wissenschaftlicher Mitarbeiter der Stiftung Marktwirtschaft.<\/p>\n<\/div>\n<div class=\"autor-page-group\">\n<div class=\"autor-page-left\"><img decoding=\"async\" src=\"\/wordpress\/bilder\/kolev.JPG\" alt=\"\" \/><\/div>\n<div class=\"autor-page-right\">\n<div class=\"autor-page-name\">Prof. Dr. Stefan Kolev<\/div>\n<p>Stefan Kolev ist Gesch\u00e4ftsf\u00fchrer des <a href=\"http:\/\/www.roepke-institut.de\/\">Wilhelm-R\u00f6pke-Instituts<\/a> in Erfurt und Professor f\u00fcr Wirtschaftspolitik an der <a href=\"http:\/\/www.fh-zwickau.de\/\">Wests\u00e4chsischen Hochschule Zwickau<\/a>.<\/p>\n<\/div>\n<\/div>\n<div class=\"autor-page-group\">\n<div class=\"autor-page-left\"><img decoding=\"async\" src=\"\/wordpress\/bilder\/autoren\/kai_konrad.jpg\" alt=\"\" \/><\/div>\n<div class=\"autor-page-right\">\n<div class=\"autor-page-name\">Prof. Dr. Kai A. Konrad<\/div>\n<p><a href=\"http:\/\/www.tax.mpg.de\/de\/finanzwissenschaft\/mitarbeiter\/prof_dr_kai_a_konrad.html\">Kai Konrad<\/a> ist gesch\u00e4ftsf\u00fchrender Direktor am Max-Planck-Institut f\u00fcr Steuerrecht und \u00d6ffentliche Finanzen.<\/p>\n<\/div>\n<\/div>\n<div class=\"autor-page-group\">\n<div class=\"autor-page-left\"><img decoding=\"async\" src=\"\/wordpress\/bilder\/Kooths.jpg\" alt=\"\" \/><\/div>\n<div class=\"autor-page-right\">\n<div class=\"autor-page-name\">Dr. Stefan Kooths<\/div>\n<p><a href=\"http:\/\/www.kooths.de\/\"> Stefan Kooths<\/a> ist Leiter des Prognose-Zentrums im <a href=\"http:\/\/www.ifw-kiel.de\/http:\/\/\">Institut f\u00fcr Weltwirtschaft in Kiel<\/a> und betreut dessen Berliner B\u00fcro.<\/p>\n<\/div>\n<\/div>\n<div class=\"autor-page-group\">\n<div class=\"autor-page-left\"><img decoding=\"async\" src=\"http:\/\/www.ecb-observer.com\/fx\/42_koesters.jpg\" alt=\"\" \/><\/div>\n<div class=\"autor-page-right\">\n<div class=\"autor-page-name\">Prof. Dr. Wim K\u00f6sters<\/div>\n<p><a href=\"http:\/\/www.ruhr-uni-bochum.de\/gtp\/mitarbeiter\/koesters.htm\" target=\"_blank\" rel=\"noopener\">Wim K\u00f6sters<\/a> war Inhaber des <a href=\"http:\/\/www.ruhr-uni-bochum.de\/gtp\/\" target=\"_blank\" rel=\"noopener\">Lehrstuhls<\/a> f\u00fcr Theoretische Volkswirtschaftslehre an der <a href=\"http:\/\/www.ruhr-uni-bochum.de\/\" target=\"_blank\" rel=\"noopener\">Ruhr-Universit\u00e4t Bochum<\/a>.<\/p>\n<\/div>\n<\/div>\n<div class=\"autor-page-group\">\n<div class=\"autor-page-left\"><img decoding=\"async\" src=\"\/wordpress\/bilder\/kraemer1.png\" alt=\"\" \/><\/div>\n<div class=\"autor-page-right\">\n<div class=\"autor-page-name\">Prof. Dr. J\u00f6rg Kr\u00e4mer<\/div>\n<p>J\u00f6rg Kr\u00e4mer ist Chefvolkswirt der Commerzbank.<\/p>\n<\/div>\n<\/div>\n<div class=\"autor-page-group\">\n<div class=\"autor-page-left\"><img decoding=\"async\" src=\"\/wordpress\/bilder\/Krause.png\" alt=\"\" \/><\/div>\n<div class=\"autor-page-right\">\n<div class=\"autor-page-name\">Prof. Michael Krause PhD<\/div>\n<p><a href=\"https:\/\/iwp.uni-koeln.de\/michael_krause.html\">Michael Krause<\/a> ist Direktor des Institus f\u00fcr Wirtschaftspolitik an der Universit\u00e4t zu K\u00f6ln<\/p>\n<\/div>\n<\/div>\n<div class=\"autor-page-group\">\n<div class=\"autor-page-left\"><img decoding=\"async\" src=\"\/wordpress\/bilder\/tim_krieger1.jpg\" alt=\"\" \/><\/div>\n<div class=\"autor-page-right\">\n<div class=\"autor-page-name\">Prof. Dr. Tim Krieger<\/div>\n<p>Tim Krieger ist Inhaber der <a href=\"http:\/\/www.wguth.uni-freiburg.de\/mitarbeiter\/prof-dr-tim-krieger\">Wilfried-Guth-Stiftungsprofessur f\u00fcr Ordnungs- und Wettbewerbspolitik<\/a> an der <a href=\"http:\/\/www.uni-freiburg.de\/\" target=\"_blank\" rel=\"noopener\">Albert-Ludwigs-Universit\u00e4t Freiburg<\/a>.<\/p>\n<\/div>\n<\/div>\n<div class=\"autor-page-group\">\n<div class=\"autor-page-left\"><img decoding=\"async\" src=\"\/wordpress\/bilder\/kuchinke.png\" alt=\"\" \/><\/div>\n<div class=\"autor-page-right\">\n<div class=\"autor-page-name\">Prof. Dr. Bj\u00f6rn A. Kuchinke<\/div>\n<p>Bj\u00f6rn A. Kuchinke ist <a href=\"https:\/\/www.uni-weimar.de\/de\/medien\/professuren\/medienmanagement\/medienoekonomik\/team\/prof-dr-bjoern-a-kuchinke\/\">Professor f\u00fcr Medien\u00f6konomik<\/a> an der Bauhaus-Universit\u00e4t Weimar.<\/p>\n<\/div>\n<\/div>\n<div class=\"autor-page-group\">\n<div class=\"autor-page-left\"><img decoding=\"async\" src=\"\/wordpress\/bilder\/autoren\/kul.jpg\" alt=\"\" \/><\/div>\n<div class=\"autor-page-right\">\n<div class=\"autor-page-name\">Dr. Matthias Kullas<\/div>\n<p>Matthias Kullas ist Leiter der Fachbereiche <a href=\"http:\/\/www.cep.eu\/analysen-zur-eu-politik\/wirtschafts-und-stabilitaetspolitik\/\">Wirtschafts- und Stabilisierungspolitik<\/a> und <a href=\"http:\/\/www.cep.eu\/analysen-zur-eu-politik\/binnenmarkt\/\">Binnenmarkt, Wettbewerbs- und Kartellpolitik<\/a> am <a href=\"http:\/\/www.cep.eu\/startseite\/\">Centrum f\u00fcr Europ\u00e4ische Politik<\/a> in Freiburg<\/p>\n<\/div>\n<\/div>\n<div class=\"autor-page-group\">\n<div class=\"autor-page-left\"><img decoding=\"async\" src=\"\/wordpress\/bilder\/laas1.png\" alt=\"\" \/><\/div>\n<div class=\"autor-page-right\">\n<div class=\"autor-page-name\">Dr. Claus-Friedrich Laaser<\/div>\n<p>Claus-Friedrich Laaser arbeitet im Institut f\u00fcr Weltwirtschaft in Kiel (IfW) u.a. in der Stabstelle Wirtschaftspolitische Koordination und im Bereich Schwerpunktanalysen.<\/p>\n<\/div>\n<\/div>\n<div class=\"autor-page-group\">\n<div class=\"autor-page-left\"><img decoding=\"async\" src=\"\/wordpress\/bilder\/langhammer.png\" alt=\"\" \/><\/div>\n<div class=\"autor-page-right\">\n<div class=\"autor-page-name\">Prof. Dr. Rolf J. Langhammer<\/div>\n<p>Rolf J. Langhammer war Vizepr\u00e4sident des Instituts f\u00fcr Weltwirtschaft in Kiel.<\/p>\n<\/div>\n<\/div>\n<div class=\"autor-page-group\">\n<div class=\"autor-page-left\"><img decoding=\"async\" src=\"\/wordpress\/bilder\/larch.png\" alt=\"\" \/><\/div>\n<div class=\"autor-page-right\">\n<div class=\"autor-page-name\">Prof. Dr. Mario Larch<\/div>\n<p><a href=\"http:\/\/www.ewf.uni-bayreuth.de\/de\/index.html\">Mario Larch<\/a> lehrt Volkswirtschaftslehre an der Universit\u00e4t Bayreuth. Er hat den Lehrstuhl f\u00fcr Empirische Wirtschaftsforschung inne.<\/p>\n<\/div>\n<\/div>\n<div class=\"autor-page-group\">\n<div class=\"autor-page-left\"><img decoding=\"async\" src=\"\/wordpress\/bilder\/lesch.png\" alt=\"\" \/><\/div>\n<div class=\"autor-page-right\">\n<div class=\"autor-page-name\">Dr. Hagen Lesch<\/div>\n<p>Hagen Lesch ist Leiter Themencluster Arbeitswelt und Tarifpolitik beim IW K\u00f6ln.<\/p>\n<\/div>\n<\/div>\n<div class=\"autor-page-group\">\n<div class=\"autor-page-left\"><img decoding=\"async\" src=\"\/wordpress\/bilder\/levy3.png\" alt=\"\" \/><\/div>\n<div class=\"autor-page-right\">\n<div class=\"autor-page-name\">Dr. Mickey Levy<\/div>\n<p>Mickey Levy ist Berenberg Chefvolkswirt f\u00fcr die USA und Asien.<\/p>\n<\/div>\n<\/div>\n<div class=\"autor-page-group\">\n<div class=\"autor-page-left\"><img decoding=\"async\" src=\"\/wordpress\/bilder\/Lienkamp.png\" alt=\"\" \/><\/div>\n<div class=\"autor-page-right\">\n<div class=\"autor-page-name\">Prof. Dr. Markus Lienkamp<\/div>\n<p><a href=\"https:\/\/www.reading.ac.uk\/spirs\/about\/staff\/c-arndt.aspx\">Markus Lienkamp leitet den Lehrstuhl f\u00fcr Fahrzeugtechnik an der TU M\u00fcnchen. <\/a><\/p>\n<p><a href=\"https:\/\/www.reading.ac.uk\/spirs\/about\/staff\/c-arndt.aspx\">\u00a0<\/a><\/p>\n<\/div>\n<p><a href=\"https:\/\/www.reading.ac.uk\/spirs\/about\/staff\/c-arndt.aspx\">\u00a0<\/a><\/p>\n<\/div>\n<p><a href=\"https:\/\/www.reading.ac.uk\/spirs\/about\/staff\/c-arndt.aspx\">\u00a0<\/a><\/p>\n<div class=\"autor-page-group\">\n<div class=\"autor-page-left\"><img decoding=\"async\" src=\"\/wordpress\/bilder\/autoren\/andreas_loeschel.jpg\" alt=\"\" \/><\/div>\n<div class=\"autor-page-right\">\n<div class=\"autor-page-name\">Prof. Dr. Andreas L\u00f6schel<\/div>\n<p><a href=\"http:\/\/www.wiwi.uni-muenster.de\/eroe\/lehrstuhl\/loeschel.html\" target=\"blank\" rel=\"noopener\">Andreas L\u00f6schel<\/a> ist Inhaber des Lehrstuhls f\u00fcr Mikro\u00f6konomik, insbesondere Energie- und Ressourcen\u00f6konomik im Centrum f\u00fcr Angewandte Wirtschaftsforschung an der Westf\u00e4lischen Wilhelms-Universit\u00e4t M\u00fcnster.<\/p>\n<\/div>\n<\/div>\n<div class=\"autor-page-group\">\n<div class=\"autor-page-left\"><img decoding=\"async\" src=\"\/wordpress\/bilder\/389.png\" alt=\"\" \/><\/div>\n<div class=\"autor-page-right\">\n<div class=\"autor-page-name\">Prof. Dr. Bernd Lucke<\/div>\n<p>Bernd Lucke ist <a href=\"https:\/\/www.wiso.uni-hamburg.de\/fachbereich-vwl\/professuren\/lucke\/team\/lucke.html\">Professor f\u00fcr VWL, insbes. Wachstum und Konjunktur an der Universit\u00e4t Hamburg<\/a>.<\/p>\n<\/div>\n<\/div>\n<div class=\"autor-page-group\">\n<div class=\"autor-page-left\"><img decoding=\"async\" src=\"\/wordpress\/bilder\/360.png\" alt=\"\" \/><\/div>\n<div class=\"autor-page-right\">\n<div class=\"autor-page-name\">Prof. Dr. Christoph L\u00fctge<\/div>\n<p>Christoph L\u00fctge ist Inhaber des <a href=\"https:\/\/www.gov.tum.de\/wirtschaftsethik\/team\/luetge\/\">Lehrstuhls f\u00fcr Wirtschaftsethik<\/a> an der Technischen Universit\u00e4t M\u00fcnchen.<\/p>\n<\/div>\n<\/div>\n<div class=\"autor-page-group\">\n<div class=\"autor-page-left\"><img decoding=\"async\" src=\"\/wordpress\/bilder\/matthes.png\" alt=\"\" \/><\/div>\n<div class=\"autor-page-right\">\n<div class=\"autor-page-name\">J\u00fcrgen Matthes<\/div>\n<p><a href=\"https:\/\/www.iwkoeln.de\/institut\/personen\/detail\/juergen-matthes.html\">J\u00fcrgen Matthes<\/a> ist Leiter des Kompetenzfeldes Internationale Wirtschaftsordnung und Konjunktur am IW K\u00f6ln.<\/p>\n<\/div>\n<\/div>\n<div class=\"autor-page-group\">\n<div class=\"autor-page-left\"><img decoding=\"async\" src=\"\/wordpress\/bilder\/consent.png\" alt=\"\" \/><\/div>\n<div class=\"autor-page-right\">\n<div class=\"autor-page-name\">Dr. Ing. Dipl. Wirtsch-Ing. Christoph Maurer<\/div>\n<p><a href=\"https:\/\/www.consentec.de\/team\">Christoph Maurer<\/a> ist Gesch\u00e4ftsf\u00fchrer von Consentec.<\/p>\n<\/div>\n<\/div>\n<div class=\"autor-page-group\">\n<div class=\"autor-page-left\"><img decoding=\"async\" src=\"\/wordpress\/bilder\/mauritz.png\" alt=\"\" \/><\/div>\n<div class=\"autor-page-right\">\n<div class=\"autor-page-name\">Luca Mauritz<\/div>\n<p>Luca Mauritz ist Economic Research Assistant bei Commerzbank Research.<\/p>\n<\/div>\n<\/div>\n<div class=\"autor-page-group\">\n<div class=\"autor-page-left\"><img decoding=\"async\" src=\"\/wordpress\/bilder\/357.png\" alt=\"\" \/><\/div>\n<div class=\"autor-page-right\">\n<div class=\"autor-page-name\">Dr. Karsten Mause<\/div>\n<p><a href=\"https:\/\/www.uni-muenster.de\/IfPol\/karsten_mause.html\">Karsten Mause<\/a> ist Senior Lecturer in Political Economy an der Westf\u00e4lischen Wilhelms-Universit\u00e4t M\u00fcnster.<\/p>\n<\/div>\n<\/div>\n<div class=\"autor-page-group\">\n<div class=\"autor-page-left\"><img decoding=\"async\" src=\"\/wordpress\/bilder\/meier1.png\" alt=\"\" \/><\/div>\n<div class=\"autor-page-right\">\n<div class=\"autor-page-name\">Dr. Daniel Meierrieks<\/div>\n<p><a href=\"https:\/\/www.wzb.eu\/de\/personen\/daniel-meierrieks\">Daniel Meierrieks<\/a> ist wissenschaftlicher Mitarbeiter am WZB (Berlin), Abteilung Migration, Integration, Transnationalisierung.<\/p>\n<\/div>\n<\/div>\n<div class=\"autor-page-group\">\n<div class=\"autor-page-left\"><img decoding=\"async\" src=\"\/wordpress\/bilder\/meincke.png\" alt=\"\" \/><\/div>\n<div class=\"autor-page-right\">\n<div class=\"autor-page-name\">Dr. Henrik Meincke<\/div>\n<p>Henrik Meincke ist Chefvolkswirt des VCI (Verband der Chemischen Industrie)<\/p>\n<\/div>\n<\/div>\n<div class=\"autor-page-group\">\n<div class=\"autor-page-left\"><img decoding=\"async\" src=\"http:\/\/c3445010.r10.cf0.rackcdn.com\/portrait_image\/4711\/big_e1ee45837b.jpeg\" alt=\"\" \/><\/div>\n<div class=\"autor-page-right\">\n<div class=\"autor-page-name\"><a href=\"http:\/\/www.theeuropean.de\/oswald-metzger\">Oswald Metzger<\/a><\/div>\n<p>Oswald Metzger ist (Ordnungs)Politiker, Publizist und Chefredakteur des &#8222;The European&#8220;<\/p>\n<\/div>\n<\/div>\n<div class=\"autor-page-group\">\n<div class=\"autor-page-left\"><img decoding=\"async\" src=\"\/wordpress\/bilder\/meyer.jpg\" alt=\"\" \/><\/div>\n<div class=\"autor-page-right\">\n<div class=\"autor-page-name\">Prof. Dr. Dirk Meyer<\/div>\n<p><a href=\"http:\/\/www.hsu-hh.de\/meyer\/index_9frZCztaABkNMvKr.html\" target=\"_blank\" rel=\"noopener\">Dirk Meyer<\/a> ist Inhaber des <a href=\"http:\/\/www.hsu-hh.de\/meyer\/\" target=\"_blank\" rel=\"noopener\">Lehrstuhls<\/a> f\u00fcr Volkswirtschaftslehre, inbesondere Ordnungs\u00f6konomik an der <a href=\"http:\/\/www.hsu-hh.de\/hsu\/index.php\" target=\"_blank\" rel=\"noopener\">Helmut-Schmidt-Universit\u00e4t<\/a> in Hamburg.<\/p>\n<\/div>\n<\/div>\n<div class=\"autor-page-group\">\n<div class=\"autor-page-left\"><img decoding=\"async\" src=\"\/wordpress\/bilder\/miltner.png\" alt=\"\" \/><\/div>\n<div class=\"autor-page-right\">\n<div class=\"autor-page-name\">Svenja Miltner<\/div>\n<p>Svenja Miltner ist Wissenschaftliche Mitarbeiterin am Lehrstuhl f\u00fcr Finanzwissenschaft der FU Berlin.<\/p>\n<\/div>\n<\/div>\n<div class=\"autor-page-group\">\n<div class=\"autor-page-left\"><img decoding=\"async\" src=\"\/wordpress\/bilder\/275322.png\" alt=\"\" \/><\/div>\n<div class=\"autor-page-right\">\n<div class=\"autor-page-name\">Prof. Dr. Rudolf Minsch<\/div>\n<p><a href=\"http:\/\/www.iaa.unisg.ch\/org\/few\/web.nsf\/6581e8ccf76f7a5ec12571090036036c\/528540567efba0d9c1256a42004abd15\/$FILE\/cv_minsch.pdf\" target=\"_blank\" rel=\"noopener\">Rudolf Minsch<\/a> ist Chef\u00f6konom und Mitglied der Gesch\u00e4ftsleitung von <a href=\"http:\/\/www.economiesuisse.ch\" target=\"_blank\" rel=\"noopener\">economiesuisse<\/a>. Er wirkt als Gastprofessor f\u00fcr Wirtschaftspolitik an der Hochschule f\u00fcr Technik und Wirtschaft (HTW) <a href=\"http:\/\/www.fh-htwchur.ch\" target=\"_blank\" rel=\"noopener\">Chur<\/a>.<\/p>\n<\/div>\n<\/div>\n<div class=\"autor-page-group\">\n<div class=\"autor-page-left\"><img decoding=\"async\" src=\"\/wordpress\/bilder\/mislin.png\" alt=\"\" \/><\/div>\n<div class=\"autor-page-right\">\n<div class=\"autor-page-name\">Dr. Alexander Mislin<\/div>\n<div>Alexander Mislin ist Regierungsdirektor im Bundesministerium der Finanzen und zurzeit Referent in der CDU\/CSU-Fraktion im Deutschen Bundestag.<\/div>\n<\/div>\n<\/div>\n<div class=\"autor-page-group\">\n<div class=\"autor-page-left\"><img decoding=\"async\" src=\"\/wordpress\/bilder\/moebert.png\" alt=\"\" \/><\/div>\n<div class=\"autor-page-right\">\n<div class=\"autor-page-name\">Dr. Jochen M\u00f6bert<\/div>\n<p>Jochen M\u00f6bert ist Analyst bei Deutsche Bank Research.<\/p>\n<\/div>\n<\/div>\n<div class=\"autor-page-group\">\n<div class=\"autor-page-left\"><img decoding=\"async\" src=\"\/wordpress\/bilder\/moesle1.png\" alt=\"\" \/><\/div>\n<div class=\"autor-page-right\">\n<div class=\"autor-page-name\">Saskia M\u00f6sle<\/div>\n<p><a href=\"https:\/\/www.ifw-kiel.de\/de\/experten\/ifw\/saskia-moesle\/\">Saskia M\u00f6sle<\/a> ist Doktorandin am Kieler Institut f\u00fcr Weltwirtschaft.<\/p>\n<\/div>\n<\/div>\n<div class=\"autor-page-group\">\n<div class=\"autor-page-left\"><img decoding=\"async\" src=\"\/wordpress\/bilder\/csm_Testbild_925fd3796d-e1481822197255.gif\" alt=\"\" \/><\/div>\n<div class=\"autor-page-right\">\n<div class=\"autor-page-name\">Prof. Dr. Daniel M\u00fcller<\/div>\n<p><a href=\"http:\/\/www.wiwi.uni-wuerzburg.de\/lehrstuhl\/vwl7\/team\/prof_dr_mueller\/\">Daniel M\u00fcller<\/a> ist Inhaber des Lehrstuhls f\u00fcr Volkswirtschaftslehre, insbesondere Vertrags- und Informations\u00f6konomik an der Julius-Maximilians-Universit\u00e4t W\u00fcrzburg<\/p>\n<\/div>\n<\/div>\n<div class=\"autor-page-group\">\n<div class=\"autor-page-left\"><img decoding=\"async\" src=\"\/wordpress\/bilder\/mueller.png\" alt=\"\" \/><\/div>\n<div class=\"autor-page-right\">\n<div class=\"autor-page-name\">Sebastian M\u00fcller<\/div>\n<p><a href=\"https:\/\/www.wifa.uni-leipzig.de\/iwp\/team\/mueller.html\">Sebastian M\u00fcller<\/a> ist Wissenschaftlicher Mitarbeiter am Institut f\u00fcr Wirtschaftspolitik der Universit\u00e4t Leipzig<\/p>\n<\/div>\n<\/div>\n<div class=\"autor-page-group\">\n<div class=\"autor-page-left\"><img decoding=\"async\" src=\"\/wordpress\/bilder\/muenzer1.png\" alt=\"\" \/><\/div>\n<div class=\"autor-page-right\">\n<div class=\"autor-page-name\">Dr. Christoph M\u00fcnzer<\/div>\n<p>Christoph M\u00fcnzer ist Hauptgesch\u00e4ftsf\u00fchrer der wvib Schwarzwald AG in Freiburg, eines \u00fcber 75 Jahre alten Netzwerks mit mehr als 1.000 Industrieunternehmen.<\/p>\n<\/div>\n<\/div>\n<div class=\"autor-page-group\">\n<div class=\"autor-page-left\"><img loading=\"lazy\" decoding=\"async\" class=\"\" src=\"\/wordpress\/bilder\/muth.png\" alt=\"\" width=\"412\" height=\"551\" \/><\/div>\n<div class=\"autor-page-right\">\n<div class=\"autor-page-name\">Robert Muth<\/div>\n<div>Robert Muth ist Diplom-Kaufmann (Universit\u00e4t W\u00fcrzburg) und freier Revisions- und Unternehmensberater<\/div>\n<\/div>\n<\/div>\n<div class=\"autor-page-group\">\n<div class=\"autor-page-left\"><img decoding=\"async\" src=\"\/wordpress\/bilder\/csm.png\" alt=\"\" \/><\/div>\n<div class=\"autor-page-right\">\n<div class=\"autor-page-name\">Dr. Chantal Naumann<\/div>\n<p>Chantal Naumann ist Wissenschaftliche Mitarbeiterin an der <a href=\"https:\/\/www.uni-saarland.de\/lehrstuhl\/kussmaul\/mitarbeiter\/wissenschaftlichemitarbeiter\/dr-chantal-naumann.html\">Universit\u00e4t des Saarlandes.<\/a><\/p>\n<\/div>\n<\/div>\n<div class=\"autor-page-group\">\n<div class=\"autor-page-left\"><img decoding=\"async\" src=\"\/wordpress\/bilder\/naumer1.png\" alt=\"\" \/><\/div>\n<div class=\"autor-page-right\">\n<div class=\"autor-page-name\">Dr. Hans-J\u00f6rg Naumer<\/div>\n<p><a href=\"https:\/\/de.allianzgi.com\/de-de\/pro\/unsere-experten\/experts-container\/hans-joerg-naumer\">Hans-J\u00f6rg Naumer<\/a> ist Director Capital Markets &amp; Thematic Research bei Allianz Global Investors.<\/p>\n<\/div>\n<\/div>\n<div class=\"autor-page-group\">\n<div class=\"autor-page-left\"><img decoding=\"async\" src=\"\/wordpress\/bilder\/nicolay.png\" alt=\"\" \/><\/div>\n<div class=\"autor-page-right\">\n<div class=\"autor-page-name\">Dr. Katharina Nicolay<\/div>\n<p>Katharina Nicolay ist stellvertretende Leiterin im ZEW-Forschungsbereich \u201eUnternehmensbesteuerung und \u00d6ffentliche Finanzwirtschaft&#8220; am ZEW.<\/p>\n<\/div>\n<\/div>\n<div class=\"autor-page-group\">\n<div class=\"autor-page-left\"><img decoding=\"async\" src=\"\/wordpress\/bilder\/autoren\/normann.jpg\" alt=\"\" \/><\/div>\n<div class=\"autor-page-right\">\n<div class=\"autor-page-name\">Prof. Dr. Hans-Theo Normann<\/div>\n<p><a href=\"http:\/\/www.dice.hhu.de\/en\/people\/professors\/prof-dr-hans-theo-normann.html\" target=\"_blank\" rel=\"noopener\">Hans-Theo Normann<\/a> ist Professor am <a href=\"http:\/\/www.dice.hhu.de\/en.html\" target=\"_blank\" rel=\"noopener\">D\u00fcsseldorfer Institut f\u00fcr Wettbewerbs\u00f6konomie<\/a> (DICE).<\/p>\n<\/div>\n<\/div>\n<div class=\"autor-page-group\">\n<div class=\"autor-page-left\"><img decoding=\"async\" src=\"\/wordpress\/bilder\/245.png\" alt=\"\" \/><\/div>\n<div class=\"autor-page-right\">\n<div class=\"autor-page-name\">Prof. Dr. Dr. h.c. Peter O. Oberender<\/div>\n<p><a href=\"http:\/\/www.bayceer.uni-bayreuth.de\/vwl4\/de\/mitarbeiter\/mit\/mitarbeiter_detail.php?id_obj=5942\" target=\"_blank\" rel=\"noopener\">Peter O. Oberender<\/a> (<a href=\"http:\/\/www.bayceer.uni-bayreuth.de\/vwl4\/de\/mitarbeiter\/mit\/mitarbeiter_detail.php?id_obj=5942\" target=\"_blank\" rel=\"noopener\">emeritiert<\/a>) war Inhaber des <a href=\"http:\/\/www.uni-bayreuth.de\/departments\/vwliv\/\" target=\"_blank\" rel=\"noopener\">Lehrstuhls<\/a> f\u00fcr Wirtschaftstheorie an der <a href=\"http:\/\/www.uni-bayreuth.de\" target=\"_blank\" rel=\"noopener\">Universit\u00e4t Bayreuth<\/a>.<\/p>\n<\/div>\n<\/div>\n<div class=\"autor-page-group\">\n<div class=\"autor-page-left\"><img decoding=\"async\" src=\"\/wordpress\/bilder\/ockenfels.jpg\" alt=\"\" \/><\/div>\n<div class=\"autor-page-right\">\n<div class=\"autor-page-name\">Prof. Dr. Dr. Wolfgang Ockenfels<\/div>\n<p><a href=\"http:\/\/www.theo.uni-trier.de\/mitarbeiter.php?id=70019\" target=\"_blank\" rel=\"noopener\">Wolfgang Ockenfels<\/a> lehrte Christliche Gesellschaftslehre an der Theologischen <a href=\"http:\/\/www.theo.uni-trier.de\/aktuelles.php\" target=\"_blank\" rel=\"noopener\">Fakult\u00e4t<\/a> der <a href=\"http:\/\/www.uni-trier.de\/\" target=\"blank\" rel=\"noopener\">Universit\u00e4t Trier<\/a>. Er leitete das &#8222;Institut f\u00fcr Gesellschaftswissenschaften Wallberg&#8220; in Bonn.<\/p>\n<\/div>\n<\/div>\n<div class=\"autor-page-group\">\n<div class=\"autor-page-left\"><img decoding=\"async\" src=\"\/wordpress\/bilder\/oelgart.png\" alt=\"\" \/><\/div>\n<div class=\"autor-page-right\">\n<div class=\"autor-page-name\">Dr. Niels Oelgart<\/div>\n<p>Niels Oelgart ist Leiter der Kommunikation des RWI &#8211; Leibniz-Institut f\u00fcr Wirtschaftsforschung.<\/p>\n<\/div>\n<\/div>\n<div class=\"autor-page-group\">\n<div class=\"autor-page-left\"><img decoding=\"async\" src=\"\/wordpress\/bilder\/ohr2.png\" alt=\"\" \/><\/div>\n<div class=\"autor-page-right\">\n<div class=\"autor-page-name\">Prof. Dr. Renate Ohr<\/div>\n<p><a href=\"https:\/\/www.uni-goettingen.de\/de\/64098.html\">Renate Ohr<\/a> war Inhaberin des <a href=\"http:\/\/www.uni-goettingen.de\/de\/64098.html\" target=\"blank\" rel=\"noopener\">Lehrstuhls f\u00fcr Volkswirtschaftslehre<\/a>, insb. Wirtschaftspolitik an der <a href=\"http:\/\/www.uni-goettingen.de\/\" target=\"blank\" rel=\"noopener\">Georg-August-Universit\u00e4t G\u00f6ttingen<\/a>.<\/p>\n<\/div>\n<\/div>\n<div class=\"autor-page-group\">\n<div class=\"autor-page-left\"><img decoding=\"async\" src=\"\/wordpress\/bilder\/panreck.png\" alt=\"\" \/><\/div>\n<div class=\"autor-page-right\">\n<div class=\"autor-page-name\">Sebastian Panreck<\/div>\n<p>Sebastian Panreck ist Doktorand am CIW der Universit\u00e4t M\u00fcnster.<\/p>\n<\/div>\n<\/div>\n<div class=\"autor-page-group\">\n<div class=\"autor-page-left\"><img decoding=\"async\" src=\"\/wordpress\/bilder\/ppaulus.png\" alt=\"\" \/><\/div>\n<div class=\"autor-page-right\">\n<div class=\"autor-page-name\">Prof. Dr. Philipp Paulus<\/div>\n<p><a href=\"https:\/\/www.hfwu.de\/philipp-paulus\/\">Philipp Paulus<\/a> ist Professor f\u00fcr Volkswirtschaftslehre, insbes. Au\u00dfenwirtschaft und Finanzm\u00e4rkte an der Hochschule f\u00fcr Wirtschaft und Umwelt in N\u00fcrtingen-Geislingen<\/p>\n<\/div>\n<\/div>\n<div class=\"autor-page-group\">\n<div class=\"autor-page-left\"><img decoding=\"async\" src=\"\/wordpress\/bilder\/peichl1.png\" alt=\"\" \/><\/div>\n<div class=\"autor-page-right\">\n<div class=\"autor-page-name\">Prof. Dr. Andreas Peichl<\/div>\n<p><a href=\"https:\/\/www.reading.ac.uk\/spirs\/about\/staff\/c-arndt.aspx\">Andreas Peichl ist Leiter des ifo Zentrums f\u00fcr Makro\u00f6konomik und Befragungen und Professor f\u00fcr VWL an der LMU M\u00fcnchen.<\/a><\/p>\n<\/div>\n<\/div>\n<div class=\"autor-page-group\">\n<div class=\"autor-page-left\"><img decoding=\"async\" src=\"\/wordpress\/bilder\/317.png\" alt=\"\" \/><\/div>\n<div class=\"autor-page-right\">\n<div class=\"autor-page-name\">Markus Penatzer<\/div>\n<p>Markus Penatzer ist Lehrbeauftragter an der Heinrich-Heine Universit\u00e4t D\u00fcsseldorf.<\/p>\n<\/div>\n<\/div>\n<div class=\"autor-page-group\">\n<div class=\"autor-page-left\"><img decoding=\"async\" src=\"\/wordpress\/bilder\/pies.png\" alt=\"\" \/><\/div>\n<div class=\"autor-page-right\">\n<div class=\"autor-page-name\">Prof. Dr. Ingo Pies<\/div>\n<p>Ingo Pies ist Professor f\u00fcr Wirtschaftsethik an der <a href=\"https:\/\/ethik.wiwi.uni-halle.de\/2166_199920\/2166_199912\/\">Martin-Luther-Universit\u00e4t Halle-Wittenberg<\/a>.<\/p>\n<\/div>\n<\/div>\n<div class=\"autor-page-group\">\n<div class=\"autor-page-left\"><img decoding=\"async\" src=\"\/wordpress\/bilder\/pimpertz.png\" alt=\"\" \/><\/div>\n<div class=\"autor-page-right\">\n<div class=\"autor-page-name\">Dr. Jochen Pimpertz<\/div>\n<p><a href=\"https:\/\/www.iwkoeln.de\/institut\/personen\/detail\/116538\">Jochen Pimpertz<\/a> ist Leiter des Kompetenzfelds \u00d6ffentliche Finanzen, Soziale Sicherung, Verteilung im Institut der deutschen Wirtschaft K\u00f6ln<\/p>\n<\/div>\n<\/div>\n<div class=\"autor-page-group\">\n<div class=\"autor-page-left\"><img decoding=\"async\" src=\"\/wordpress\/bilder\/plickert.png\" alt=\"\" \/><\/div>\n<div class=\"autor-page-right\">\n<div class=\"autor-page-name\">Dr. Philip Plickert<\/div>\n<p><a href=\"http:\/\/www.faz.net\/redaktion\/philip-plickert-11104460.html\">Philip Plickert<\/a> ist Wirtschaftsredakteur der \u201eFrankfurter Allgemeinen Zeitung\u201c und Lehrbeauftragter an der Universit\u00e4t Siegen.<\/p>\n<\/div>\n<\/div>\n<div class=\"autor-page-group\">\n<div class=\"autor-page-left\"><img decoding=\"async\" src=\"\/wordpress\/bilder\/polk2.png\" alt=\"\" \/><\/div>\n<div class=\"autor-page-right\">\n<div class=\"autor-page-name\">Prof. Dr. Andreas Polk<\/div>\n<p><a href=\"https:\/\/www.hwr-berlin.de\/prof\/andreas-polk\/\">Andreas Polk<\/a> ist Professor f\u00fcr Volkswirtschaftslehre an der Hochschule f\u00fcr Wirtschaft und Recht Berlin.<\/p>\n<\/div>\n<\/div>\n<div class=\"autor-page-group\">\n<div class=\"autor-page-left\"><img decoding=\"async\" src=\"\/wordpress\/bilder\/Polleit.jpg\" alt=\"\" \/><\/div>\n<div class=\"autor-page-right\">\n<div class=\"autor-page-name\">Prof. Dr. Thorsten Polleit<\/div>\n<p><a href=\"http:\/\/www.frankfurt-school.de\/content\/de\/who_we_are\/faculty\/faculty_alphabetisch\/Polleit\">Thorsten Polleit<\/a> ist Chef\u00f6konom der Degussa Goldhandel GmbH und Honorarprofessor an der Universit\u00e4t Bayreuth<\/p>\n<\/div>\n<\/div>\n<div class=\"autor-page-group\">\n<div class=\"autor-page-left\"><img decoding=\"async\" src=\"\/wordpress\/bilder\/Portmann.png\" alt=\"\" \/><\/div>\n<div class=\"autor-page-right\">\n<div class=\"autor-page-name\">Dr. Marco Portmann<\/div>\n<p><a href=\"http:\/\/www.unifr.ch\/finwiss\/de\/team\/old\/marco-portmann\">Marco Portmann<\/a> ist Oberassistent am Departement f\u00fcr Volkswirtschaftslehre der Universit\u00e4t Freiburg (Schweiz) und Research Fellow bei CREMA \u2013 Center for Research in Economics, Management, and the Arts (Schweiz).<\/p>\n<\/div>\n<\/div>\n<div class=\"autor-page-group\">\n<div class=\"autor-page-left\"><img decoding=\"async\" src=\"\/wordpress\/bilder\/341.png\" alt=\"\" \/><\/div>\n<div class=\"autor-page-right\">\n<div class=\"autor-page-name\">Prof. Dr. Aloys Prinz<\/div>\n<p>Aloys Prinz ist Direktor des <a href=\"https:\/\/www.wiwi.uni-muenster.de\/iff2\/de\">Instituts f\u00fcr Finanzwissenschaft II<\/a> der Universit\u00e4t M\u00fcnster.<\/p>\n<\/div>\n<\/div>\n<div class=\"autor-page-group\">\n<div class=\"autor-page-left\"><img decoding=\"async\" src=\"\/wordpress\/bilder\/Pritzl.png\" alt=\"\" \/><\/div>\n<div class=\"autor-page-right\">\n<div class=\"autor-page-name\">Dr. Rupert Pritzl<\/div>\n<div>Rupert Pritzl ist seit 1997 im <a href=\"https:\/\/www.stmwi.bayern.de\/\">Bayerischen Staatsministerium f\u00fcr Wirtschaft, Landesentwicklung und Energie<\/a> t\u00e4tig und Lehrbeauftragter an der FOM Hochschule, M\u00fcnchen.<\/div>\n<\/div>\n<\/div>\n<div class=\"autor-page-group\">\n<div class=\"autor-page-left\"><img decoding=\"async\" src=\"\/wordpress\/bilder\/quick.png\" alt=\"\" \/><\/div>\n<div class=\"autor-page-right\">\n<div class=\"autor-page-name\">Prof. Dr. Reinhard Quick (LL.M)<\/div>\n<div>Reinhard Quick ist Wirtschaftslobbyist im Ruhestand und Honorarprofessor f\u00fcr Internationales Wirtschaftsrecht an der Universit\u00e4t des Saarlandes<\/div>\n<\/div>\n<\/div>\n<div class=\"autor-page-group\">\n<div class=\"autor-page-left\"><img decoding=\"async\" src=\"\/wordpress\/bilder\/quitzau.png\" alt=\"\" \/><\/div>\n<div class=\"autor-page-right\">\n<div class=\"autor-page-name\">Dr. J\u00f6rn Quitzau<\/div>\n<p>J\u00f6rn Quitzau ist <span lang=\"de\"><span style=\"font-family: Calibri;\"> Chefvolkswirt bei der Schweizer Privatbank<\/span><\/span> <a href=\"https:\/\/www.bergos.ch\/\" target=\"_blank\" rel=\"noopener noreferrer\"><span lang=\"de\"><u><span style=\"color: #0563c1; font-family: Calibri;\">Bergos<\/span><\/u><\/span><\/a><span lang=\"de\"><span style=\"font-family: Calibri;\">.<\/span><\/span><span lang=\"de\"> <span style=\"font-family: Calibri;\">Er betreibt<\/span><\/span><span lang=\"de\"> <span style=\"font-family: Calibri;\">zudem <\/span><\/span><span lang=\"de\"><span style=\"font-family: Calibri;\">die Website<\/span><\/span><span lang=\"de\"> <span style=\"font-family: Calibri;\">\u201e<\/span><\/span><a href=\"https:\/\/www.markt-und-mitte.de\/\" target=\"_blank\" rel=\"noopener noreferrer\"><span lang=\"de\"><u><span style=\"color: #0563c1; font-family: Calibri;\">Markt &amp; Mitte<\/span><\/u><\/span><\/a><span lang=\"de\"><span style=\"font-family: Calibri;\">\u201c.<\/span><\/span><\/p>\n<\/div>\n<\/div>\n<div class=\"autor-page-group\">\n<div class=\"autor-page-left\"><img decoding=\"async\" src=\"\/wordpress\/bilder\/rad3.png\" alt=\"\" \/><\/div>\n<div class=\"autor-page-right\">\n<div class=\"autor-page-name\">Dr. Guido Raddatz<\/div>\n<p><a href=\"https:\/\/www.stiftung-marktwirtschaft.de\/inhalte\/die-stiftung\/team\/ansprechpartner\/#c2226\">Guido Raddatz<\/a> ist Mitarbeiter der <a href=\"https:\/\/www.stiftung-marktwirtschaft.de\/inhalte\/startseite\/\">Stiftung Marktwirtschaft<\/a> und leitet dort die Bereiche Arbeitsmarkt, Bildung und Soziale Sicherung.<\/p>\n<\/div>\n<\/div>\n<div class=\"autor-page-group\">\n<div class=\"autor-page-left\"><img decoding=\"async\" src=\"\/wordpress\/bilder\/244.png\" alt=\"\" \/><\/div>\n<div class=\"autor-page-right\">\n<div class=\"autor-page-name\">Prof. Dr. Bernd Raffelh\u00fcschen<\/div>\n<p><a href=\"https:\/\/www.fiwi1.uni-freiburg.de\/raffelhueschen\/lebenslauf.html\">Bernd Raffelh\u00fcschen<\/a> ist Professor f\u00fcr Finanzwissenschaft an der Albert-Ludwigs-Universit\u00e4t Freiburg.<\/p>\n<\/div>\n<\/div>\n<div class=\"autor-page-group\">\n<div class=\"autor-page-left\"><img decoding=\"async\" src=\"\/wordpress\/bilder\/358.png\" alt=\"\" \/><\/div>\n<div class=\"autor-page-right\">\n<div class=\"autor-page-name\">Prof. Dr. Joachim Ragnitz<\/div>\n<p>Joachim Ragnitz ist stellvertretender Leiter der <a href=\"http:\/\/www.cesifo-group.de\/de\/ragnitz-j\">ifo Niederlassung <\/a>Dresden und Honorarprofessor an der TU Dresden.<\/p>\n<\/div>\n<\/div>\n<div class=\"autor-page-group\">\n<div class=\"autor-page-left\"><img decoding=\"async\" src=\"\/wordpress\/bilder\/rapp.png\" alt=\"\" \/><\/div>\n<div class=\"autor-page-right\">\n<div class=\"autor-page-name\">Dr. Heinz-Werner Rapp<\/div>\n<p><a href=\"https:\/\/www.feri.de\/ueber-uns\/management\/dr-heinz-werner-rapp\/\">Heinz-Werner Rapp<\/a> ist Gr\u00fcnder und Leiter des Thinktanks <a href=\"https:\/\/www.feri-institut.de\/\" target=\"_blank\" rel=\"noopener noreferrer\">FERI Cognitive Finance Institute<\/a> in Bad Homburg.<\/p>\n<\/div>\n<\/div>\n<div class=\"autor-page-group\">\n<div class=\"autor-page-left\"><img decoding=\"async\" src=\"\/wordpress\/bilder\/renz3.png\" alt=\"\" \/><\/div>\n<div class=\"autor-page-right\">\n<div class=\"autor-page-name\">Dr. Michael Renz<\/div>\n<p>Michael Renz arbeitet f\u00fcr IQVIA Germany und als Dozent an der Universit\u00e4t Bayreuth.<\/p>\n<\/div>\n<\/div>\n<div class=\"autor-page-group\">\n<div class=\"autor-page-left\"><img decoding=\"async\" src=\"\/wordpress\/bilder\/renzra.png\" alt=\"\" \/><\/div>\n<div class=\"autor-page-right\">\n<div class=\"autor-page-name\">Timon Renz<\/div>\n<p>Timon Renz ist Wissenschaftlicher Mitarbeiter am Forschungszentrum Generationenvertr\u00e4ge der Albert-Ludwigs-Universit\u00e4t Freiburg.<\/p>\n<\/div>\n<\/div>\n<div class=\"autor-page-group\">\n<div class=\"autor-page-left\"><img decoding=\"async\" src=\"\/wordpress\/bilder\/rieg.png\" alt=\"\" \/><\/div>\n<div class=\"autor-page-right\">\n<div class=\"autor-page-name\">Prof. Dr. Robert Rieg<\/div>\n<p>Robert Rieg ist Professor f\u00fcr Betriebswirtschaftslehre an der Hochschule Aalen.<\/p>\n<\/div>\n<\/div>\n<div class=\"autor-page-group\">\n<div class=\"autor-page-left\"><img decoding=\"async\" src=\"\/wordpress\/bilder\/Ritschl.png\" alt=\"\" \/><\/div>\n<div class=\"autor-page-right\">\n<div class=\"autor-page-name\">Prof. Dr. Albrecht Ritschl<\/div>\n<p><a href=\"https:\/\/www.reading.ac.uk\/spirs\/about\/staff\/c-arndt.aspx\">Albrecht Ritschl ist Professor f\u00fcr Wirtschaftsgeschichte an der London School of Economics und Fellow am Centre for Economic Policy Research (CEPR). <\/a><\/p>\n<\/div>\n<\/div>\n<div class=\"autor-page-group\">\n<div class=\"autor-page-left\"><img decoding=\"async\" src=\"\/wordpress\/bilder\/267.png\" alt=\"\" \/><\/div>\n<div class=\"autor-page-right\">\n<div class=\"autor-page-name\">Dr. Felix R\u00f6sel<\/div>\n<p>Felix R\u00f6sel ist Post-Doc an der Dresdner Niederlassung des <a href=\"https:\/\/www.ifo.de\/roesel-f\">ifo Instituts<\/a> \u2013 Leibniz-Institut f\u00fcr Wirtschafts\u00acforschung an der Universit\u00e4t M\u00fcnchen e.V.<\/p>\n<\/div>\n<\/div>\n<div class=\"autor-page-group\">\n<div class=\"autor-page-left\"><img decoding=\"async\" src=\"\/wordpress\/bilder\/autoren\/roose.jpg\" alt=\"\" \/><\/div>\n<div class=\"autor-page-right\">\n<div class=\"autor-page-name\">Dr. Bert van Roosebeke<\/div>\n<p>Bert van Roosebeke ist Leiter der Fachbereiche <a href=\"http:\/\/www.cep.eu\/?id=653\">Finanzdienstleistungen<\/a> und <a href=\"http:\/\/www.cep.eu\/?id=695\">Telekommunikation<\/a> am <a href=\"http:\/\/www.cep.eu\/startseite\/\">Centrum f\u00fcr Europ\u00e4ische Politik<\/a> in Freiburg.<\/p>\n<\/div>\n<\/div>\n<div class=\"autor-page-group\">\n<div class=\"autor-page-left\"><img decoding=\"async\" src=\"\/wordpress\/bilder\/ros1.png\" alt=\"\" \/><\/div>\n<div class=\"autor-page-right\">\n<div class=\"autor-page-name\">Dr. Astrid Rosenschon<\/div>\n<p>Astrid Rosenschon war bis zu ihrer Verrentung im Wirtschaftspolitischen Zentrum des IfW besch\u00e4ftigt und unterst\u00fctzt das IfW weiterhin in Sachen Subventionsbericht.<\/p>\n<\/div>\n<\/div>\n<div class=\"autor-page-group\">\n<div class=\"autor-page-left\"><img decoding=\"async\" src=\"\/wordpress\/bilder\/roth.jpg\" alt=\"\" \/><\/div>\n<div class=\"autor-page-right\">\n<div class=\"autor-page-name\">Dr. Steffen Roth<\/div>\n<p><a href=\"http:\/\/www.iwp.uni-koeln.de\/institut\/team\/aktuelle-mitarbeiter\/dr-steffen-j-roth\/\">Steffen Roth<\/a> ist Gesch\u00e4ftsf\u00fchrer des Instituts f\u00fcr Wirtschaftspolitik an der <a href=\"http:\/\/uni-koeln.de\/\">Universit\u00e4t zu K\u00f6ln<\/a>.<\/p>\n<\/div>\n<\/div>\n<div class=\"autor-page-group\">\n<div class=\"autor-page-left\"><img decoding=\"async\" src=\"\/wordpress\/bilder\/autoren\/rudolph1.png\" alt=\"\" \/><\/div>\n<div class=\"autor-page-right\">\n<div class=\"autor-page-name\">Karen Rudolph, M.Sc.<\/div>\n<p><a href=\"https:\/\/www.fiwi1.uni-freiburg.de\/karen-rudolph-m-sc\/\">Karen Rudolph<\/a> ist Wissenschaftliche Mitarbeiterin am Institut f\u00fcr Finanzwissenschaft und Sozialpolitik der Albert-Ludwigs-Universit\u00e4t Freiburg.<\/p>\n<\/div>\n<\/div>\n<div class=\"autor-page-group\">\n<div class=\"autor-page-left\"><img decoding=\"async\" src=\"\/wordpress\/bilder\/ruehli2.png\" alt=\"\" \/><\/div>\n<div class=\"autor-page-right\">\n<div class=\"autor-page-name\">Dr. Lukas R\u00fchli<\/div>\n<p><a href=\"https:\/\/www.avenir-suisse.ch\/team\/lukas-ruhli\/\">Lukas R\u00fchli<\/a> ist Senior Fellow und Forschungsleiter Smart Government bei Avenir Suisse.<\/p>\n<\/div>\n<\/div>\n<div class=\"autor-page-group\">\n<div class=\"autor-page-left\"><img decoding=\"async\" src=\"\/wordpress\/bilder\/salz.png\" alt=\"\" \/><\/div>\n<div class=\"autor-page-right\">\n<div class=\"autor-page-name\">Hannah Salzberger<\/div>\n<p>Hannah Salzberger ist Wissenschaftliche Mitarbeiterin am Lehrstuhl f\u00fcr Immobilienwirtschaft an der Universit\u00e4t Regensburg.<\/p>\n<\/div>\n<\/div>\n<div class=\"autor-page-group\">\n<div class=\"autor-page-left\"><img decoding=\"async\" src=\"\/wordpress\/bilder\/hschaefer.png\" alt=\"\" \/><\/div>\n<div class=\"autor-page-right\">\n<div class=\"autor-page-name\">Holger Sch\u00e4fer<\/div>\n<p>Holger Sch\u00e4fer ist Senior Economist f\u00fcr Besch\u00e4ftigung und Arbeitslosigkeit am <a href=\"https:\/\/www.iwkoeln.de\/institut\/personen\/holger-schaefer.html\">IW K\u00f6ln<\/a>.<\/p>\n<\/div>\n<\/div>\n<div class=\"autor-page-group\">\n<div class=\"autor-page-left\"><img decoding=\"async\" src=\"\/wordpress\/bilder\/schatt1.png\" alt=\"\" \/><\/div>\n<div class=\"autor-page-right\">\n<div class=\"autor-page-name\">Marc Schattenberg<\/div>\n<p>Marc Schattenberg ist Analyst bei Deutsche Bank Research.<\/p>\n<\/div>\n<\/div>\n<div class=\"autor-page-group\">\n<div class=\"autor-page-left\"><img decoding=\"async\" src=\"\/wordpress\/bilder\/autoren\/Schatz.png\" alt=\"\" \/><\/div>\n<div class=\"autor-page-right\">\n<div class=\"autor-page-name\">Prof. Dr. Klaus-Werner Schatz<\/div>\n<p>Klaus-Werner Schatz, Ministerialdirektor a. D., war Vize-Pr\u00e4sident des <a href=\"http:\/\/www.ifw-kiel.de\/\" target=\"blank\" rel=\"noopener\">Instituts f\u00fcr Weltwirtschaft in Kiel<\/a>, hat die Abteilung Wirtschaftspolitik im Bundesministerium f\u00fcr Wirtschaft sowie das Hauptstadtb\u00fcro Berlin des Instituts der Deutschen Wirtschaft geleitet.<\/p>\n<\/div>\n<\/div>\n<div class=\"autor-page-group\">\n<div class=\"autor-page-left\"><img decoding=\"async\" src=\"\/wordpress\/bilder\/schelker123.png\" alt=\"\" \/><\/div>\n<div class=\"autor-page-right\">\n<div class=\"autor-page-name\">Prof. Dr. Mark Schelker<\/div>\n<p><a href=\"https:\/\/www.unifr.ch\/ecopub\/de\/lehrstuhl\/team\/prof.html\">Mark Schelker<\/a> ist Professor f\u00fcr Volkswirtschaftslehre an der Universit\u00e4t Fribourg.<\/p>\n<\/div>\n<\/div>\n<div class=\"autor-page-group\">\n<div class=\"autor-page-left\"><img decoding=\"async\" src=\"\/wordpress\/bilder\/autoren\/scherf.jpg\" alt=\"\" \/><\/div>\n<div class=\"autor-page-right\">\n<div class=\"autor-page-name\">Prof. Dr. Wolfgang Scherf<\/div>\n<p><a href=\"http:\/\/wiwi.uni-giessen.de\/ma\/dat\/Scherf\/Wolfgang_Scherf\/\" target=\"blank\" rel=\"noopener\">Wolfgang Scherf<\/a> ist Inhaber des <a href=\"http:\/\/wiwi.uni-giessen.de\/home\/scherf\/\" target=\"blank\" rel=\"noopener\">Lehrstuhls f\u00fcr \u00d6ffentliche Finanzen<\/a> an der <a href=\"http:\/\/www.uni-giessen.de\/cms\/\" target=\"blank\" rel=\"noopener\">Universit\u00e4t Gie\u00dfen<\/a>.<\/p>\n<\/div>\n<\/div>\n<div class=\"autor-page-group\">\n<div class=\"autor-page-left\"><img decoding=\"async\" src=\"\/wordpress\/bilder\/schlot.png\" alt=\"\" \/><\/div>\n<div class=\"autor-page-right\">\n<div class=\"autor-page-name\">Dr. Dirk Schlotb\u00f6ller<\/div>\n<p>Dirk Schlotb\u00f6ller ist Referatsleiter im Wirtschaftsministerium NRW.<\/p>\n<\/div>\n<\/div>\n<div class=\"autor-page-group\">\n<div class=\"autor-page-left\"><img decoding=\"async\" src=\"\/wordpress\/bilder\/autoren\/schmid.JPG\" alt=\"\" \/><\/div>\n<div class=\"autor-page-right\">\n<div class=\"autor-page-name\">Prof. Dr. Josef Schmid<\/div>\n<p><a href=\"http:\/\/www.wip-online.org\/Josef_Schmid.html\" target=\"blank\" rel=\"noopener\">Josef Schmid<\/a> ist Lehrstuhlinhaber am <a href=\"http:\/\/www.uni-tuebingen.de\/fakultaeten\/fakultaet-fuer-sozial-und-verhaltenswissenschaften\/institute\/institut-fuer-politikwissenschaft\/lehrende\/politische-wirtschaftslehre-und-politikfeldanalyse-professur-schmid.html\" target=\"blank\" rel=\"noopener\">Institut f\u00fcr Politikwissenschaft<\/a> der <a href=\"http:\/\/www.uni-tuebingen.de\/\" target=\"blank\" rel=\"noopener\">Universit\u00e4t T\u00fcbingen<\/a>.<\/p>\n<\/div>\n<\/div>\n<div class=\"autor-page-group\">\n<div class=\"autor-page-left\"><img decoding=\"async\" src=\"\/wordpress\/bilder\/schmid.png\" alt=\"\" \/><\/div>\n<div class=\"autor-page-right\">\n<div class=\"autor-page-name\">Lukas A. Schmid, MA<\/div>\n<p><a href=\"https:\/\/www.unilu.ch\/fakultaeten\/wf\/professuren\/lukas-a-schmid-ma\/\">Lukas A. Schmid<\/a> ist Wissenschaftlicher Assistent an der Universit\u00e4t Luzern<\/p>\n<\/div>\n<\/div>\n<div class=\"autor-page-group\">\n<div class=\"autor-page-left\"><img decoding=\"async\" src=\"\/wordpress\/bilder\/cs.png\" alt=\"\" \/><\/div>\n<div class=\"autor-page-right\">\n<div class=\"autor-page-name\">Prof. Dr. Dr. h.c. Christoph M. Schmidt<\/div>\n<p><a href=\"http:\/\/www.rwi-essen.de\/servlet\/page?_pageid=709&amp;_dad=portal30&amp;_schema=PORTAL30\" target=\"_blank\" rel=\"noopener\">Christoph M. Schmidt<\/a> ist Pr\u00e4sident des RWI \u2013 Leibniz-Institut f\u00fcr Wirtschaftsforschung und Professor f\u00fcr Wirtschaftspolitik und Angewandte \u00d6konometrie an der Ruhr-Universit\u00e4t Bochum. Von\u00a02009 bis\u00a02020 war er Mitglied, von\u00a02013 bis\u00a02020 Vorsitzender des Sachverst\u00e4ndigenrates zur Begutachtung der gesamtwirtschaftlichen Entwicklung.<\/p>\n<\/div>\n<\/div>\n<div class=\"autor-page-group\">\n<div class=\"autor-page-left\"><img decoding=\"async\" src=\"\/wordpress\/bilder\/foto_schmitz.jpg\" alt=\"\" \/><\/div>\n<div class=\"autor-page-right\">\n<div class=\"autor-page-name\">Prof. Dr. Patrick W. Schmitz<\/div>\n<p><a href=\"http:\/\/schmitz.uni-koeln.de\/index.php?s=mitarbeiter&amp;t=schmitz\">Patrick W. Schmitz<\/a> ist Professor am Staatswissenschaftlichen Seminar der Universit\u00e4t zu K\u00f6ln<\/p>\n<\/div>\n<\/div>\n<div class=\"autor-page-group\">\n<div class=\"autor-page-left\"><img decoding=\"async\" src=\"\/wordpress\/bilder\/fritz.png\" alt=\"\" \/><\/div>\n<div class=\"autor-page-right\">\n<div class=\"autor-page-name\">Prof Dr. Dr. hc. mult Friedrich Schneider<\/div>\n<p><a href=\"http:\/\/www.econ.jku.at\/?staff=0800\" target=\"_blank\" rel=\"noopener\">Friedrich Schneider<\/a> war ordentlicher Universit\u00e4tsprofessor am <a href=\"http:\/\/www.econ.jku.at\/\" target=\"_blank\" rel=\"noopener\">Institut<\/a> f\u00fcr Volkswirtschaftslehre an der Johannes-Kepler-<a href=\"http:\/\/www.jku.at\/\" target=\"_blank\" rel=\"noopener\">Universit\u00e4t<\/a> Linz, \u00d6sterreich.<\/p>\n<\/div>\n<\/div>\n<div class=\"autor-page-group\">\n<div class=\"autor-page-left\"><img decoding=\"async\" src=\"\/wordpress\/bilder\/hschneider.jpg\" alt=\"\" \/><\/div>\n<div class=\"autor-page-right\">\n<div class=\"autor-page-name\">PD Dr. Hilmar Schneider<\/div>\n<p><a href=\"http:\/\/www.iza.org\/index_html?lang=de&amp;mainframe=http%3A\/\/www.iza.org\/de\/webcontent\/personnel\/photos\/index_html%3Fkey%3D499&amp;topSelect=personnel&amp;subSelect=staff\" target=\"_blank\" rel=\"noopener\">Hilmar Schneider<\/a> ist Direktor f\u00fcr Arbeitsmarktpolitik am Forschungsinstitut zur Zukunft der Arbeit (<a href=\"http:\/\/www.iza.org\" target=\"_blank\" rel=\"noopener\">IZA<\/a>).<\/p>\n<\/div>\n<\/div>\n<div class=\"autor-page-group\">\n<div class=\"autor-page-left\"><img decoding=\"async\" src=\"\/wordpress\/bilder\/schneider.jpg\" alt=\"\" \/><\/div>\n<div class=\"autor-page-right\">\n<div class=\"autor-page-name\">Stefan Schneider<\/div>\n<p>Stefan Schneider ist Chef\u00f6konom Deutschland und Leiter des Teams <a href=\"http:\/\/www.dbresearch.de\/servlet\/reweb2.ReWEB;jsessionid=6616F23C73F705986783BBCFB6034347.srv-loc-dbr-de?rwnode=DBR_INTERNET_DE-PROD$MACROTRENDSTEAM&amp;rwsite=DBR_INTERNET_DE-PROD\">Makro\u00f6konomie<\/a> bei <a href=\"http:\/\/www.dbresearch.de\/\">DB Research<\/a>.<\/p>\n<\/div>\n<\/div>\n<div class=\"autor-page-group\">\n<div class=\"autor-page-left\"><img decoding=\"async\" src=\"\/wordpress\/bilder\/autoren\/schnell1.jpg\" alt=\"\" \/><\/div>\n<div class=\"autor-page-right\">\n<div class=\"autor-page-name\">Prof. Dr. Jan Schnellenbach<\/div>\n<p><a href=\"http:\/\/www.jan-schnellenbach.de\/\">Jan Schnellenbach<\/a> ist Inhaber des Lehrstuhls VWL II: Mikro\u00f6konomie an der <a href=\"http:\/\/www.b-tu.de\/b-tu\/\">BTU Cottbus<\/a>. Er war gesch\u00e4ftsf\u00fchrender Forschungsreferent am Freiburger <a href=\"http:\/\/www.eucken.de\" target=\"_blank\" rel=\"noopener\">Walter Eucken Institut<\/a>.<\/p>\n<\/div>\n<\/div>\n<div class=\"autor-page-group\">\n<div class=\"autor-page-left\"><img decoding=\"async\" src=\"\/wordpress\/bilder\/autoren\/schoeb.jpg\" alt=\"\" \/><\/div>\n<div class=\"autor-page-right\">\n<div class=\"autor-page-name\">Prof. Dr. Ronnie Sch\u00f6b<\/div>\n<p><a href=\"http:\/\/www.wiwiss.fu-berlin.de\/fachbereich\/vwl\/schoeb\/lehrstuhl\/schoeb\/index.html\" target=\"_blank\" rel=\"noopener\">Ronnie Sch\u00f6b<\/a> ist Inhaber des <a href=\"http:\/\/www.wiwiss.fu-berlin.de\/fachbereich\/vwl\/schoeb\/index.html\" target=\"_blank\" rel=\"noopener\">Lehrstuhls f\u00fcr Finanzwissenschaft mit dem Schwerpunkt internationale Finanzpolitik<\/a> an der Freien Universit\u00e4t Berlin.<\/p>\n<\/div>\n<\/div>\n<div class=\"autor-page-group\">\n<div class=\"autor-page-left\"><img decoding=\"async\" src=\"\/wordpress\/bilder\/Schrader1.png\" alt=\"\" \/><\/div>\n<div class=\"autor-page-right\">\n<div class=\"autor-page-name\">Dr. Klaus Schrader<\/div>\n<p><a href=\"https:\/\/www.ifw-members.ifw-kiel.de\/~klaus_schrader_ifw_kiel_de\">Klaus Schrader<\/a> ist Leiter des Bereichs \u201eSchwerpunktanalysen\u201c des Instituts f\u00fcr Weltwirtschaft in Kiel (IfW).<\/p>\n<\/div>\n<\/div>\n<div class=\"autor-page-group\">\n<div class=\"autor-page-left\"><img decoding=\"async\" src=\"\/wordpress\/bilder\/schubert.jpg\" alt=\"\" \/><\/div>\n<div class=\"autor-page-right\">\n<div class=\"autor-page-name\">PD Dr. Christian Schubert<\/div>\n<p><a href=\"https:\/\/www.uni-kassel.de\/fb07\/en\/institutes\/ivwl\/faculty-chairs\/schubert-dr\/home.html\">Christian Schubert<\/a> ist Gastprofessor f\u00fcr Wirtschafts- und Unternehmensethik an der Universit\u00e4t Kassel.<\/p>\n<\/div>\n<\/div>\n<div class=\"autor-page-group\">\n<div class=\"autor-page-left\"><img decoding=\"async\" src=\"\/wordpress\/bilder\/256.png\" alt=\"\" \/><\/div>\n<div class=\"autor-page-right\">\n<div class=\"autor-page-name\">Dr. Michael Schubert<\/div>\n<p>Michael Schubert ist Senior Economist der Commerzbank und analysiert dort seit Beginn der W\u00e4hrungsunion die Geldpolitik der EZB.<\/p>\n<\/div>\n<\/div>\n<div class=\"autor-page-group\">\n<div class=\"autor-page-left\"><img decoding=\"async\" src=\"\/wordpress\/bilder\/schultis.png\" alt=\"\" \/><\/div>\n<div class=\"autor-page-right\">\n<div class=\"autor-page-name\">Sebastian Schultis<\/div>\n<p>Sebastian Schultis ist Wissenschaftlicher Mitarbeiter am Institut f\u00fcr Finanzwissenschaft und Sozialpolitik der Albert-Ludwigs-Universit\u00e4t Freiburg<\/p>\n<\/div>\n<\/div>\n<div class=\"autor-page-group\">\n<div class=\"autor-page-left\"><img decoding=\"async\" src=\"\/wordpress\/bilder\/autoren\/norschulz.jpg\" alt=\"\" \/><\/div>\n<div class=\"autor-page-right\">\n<div class=\"autor-page-name\">Prof. Norbert Schulz, Ph.D.<\/div>\n<p><a href=\"http:\/\/www.wiwi.uni-wuerzburg.de\/lehrstuhl\/vwl3\/team\/prof_norbert_schulz_phd\/\" target=\"_blank\" rel=\"noopener\">Norbert Schulz<\/a> war Professor f\u00fcr Volkswirtschaftslehre, insbes. Industrie\u00f6konomik an der <a href=\"http:\/\/www.uni-wuerzburg.de\/\" target=\"_blank\" rel=\"noopener\">Universit\u00e4t W\u00fcrzburg<\/a>.<\/p>\n<\/div>\n<\/div>\n<div class=\"autor-page-group\">\n<div class=\"autor-page-left\"><img decoding=\"async\" src=\"\/wordpress\/bilder\/dsgschu1.png\" alt=\"\" \/><\/div>\n<div class=\"autor-page-right\">\n<div class=\"autor-page-name\">Prof. Dr. Ludger Schuknecht<\/div>\n<p>Ludger Schuknecht war stellvertretender Generalsekret\u00e4r der OECD und Chef-\u00d6konom und Grundsatzabteilungsleiter im Bundesfinanzministerium. Er ist Gastprofessor an der Lee Kuan Yew School of Public Policy in Singapur.<\/p>\n<\/div>\n<\/div>\n<div class=\"autor-page-group\">\n<div class=\"autor-page-left\"><img decoding=\"async\" src=\"\/wordpress\/bilder\/schwalbach.jpg\" alt=\"\" \/><\/div>\n<div class=\"autor-page-right\">\n<div class=\"autor-page-name\">Prof. Dr. Joachim Schwalbach<\/div>\n<p><a href=\"http:\/\/www2.wiwi.hu-berlin.de\/institute\/im\/index.php?site=\/lehrstuhl\/schwalbach.html\" target=\"_blank\" rel=\"noopener\">Joachim Schwalbach<\/a> ist Inhaber des Lehrstuhls f\u00fcr internationales Management und Direktor des <a href=\"http:\/\/www2.wiwi.hu-berlin.de\/institute\/im\/\" target=\"_blank\" rel=\"noopener\">Instituts<\/a> f\u00fcr Management an der Wirtschaftswissenschaftlichen Fakult\u00e4t der Humboldt-<a href=\"http:\/\/www.hu-berlin.de\/\" target=\"_blank\" rel=\"noopener\">Universit\u00e4t<\/a> zu Berlin.<\/p>\n<\/div>\n<\/div>\n<div class=\"autor-page-group\">\n<div class=\"autor-page-left\"><img decoding=\"async\" src=\"http:\/\/www.oekonomenstimme.org\/media\/upload\/authors\/Schweickert_Foto_jpg_80x120_crop_q85.png\" alt=\"\" \/><\/div>\n<div class=\"autor-page-right\">\n<div class=\"autor-page-name\">Dr. Rainer Schweickert<\/div>\n<p><a href=\"http:\/\/www.ifw-members.ifw-kiel.de\/Members\/rainer_schweickert_ifw_kiel_de\/rainer_schweickert_ifw_kiel_de\/view?set_language=de\" target=\"blank\" rel=\"noopener\">Rainer Schweickert<\/a> ist wissenschaftlicher Mitarbeiter am <a href=\"http:\/\/www.ifw-kiel.de\/\" target=\"blank\" rel=\"noopener\">Institut f\u00fcr Weltwirtschaft<\/a> in Kiel.<\/p>\n<\/div>\n<\/div>\n<div class=\"autor-page-group\">\n<div class=\"autor-page-left\"><img decoding=\"async\" src=\"\/wordpress\/bilder\/seidl1.png\" alt=\"\" \/><\/div>\n<div class=\"autor-page-right\">\n<div class=\"autor-page-name\">Prof. Dr. Christian Seidl<\/div>\n<p>Christian Seidl ist Professor f\u00fcr \u00d6ffentliche Finanzen an der Christian-Albrechts-Universit\u00e4t zu Kiel.<\/p>\n<\/div>\n<\/div>\n<div class=\"autor-page-group\">\n<div class=\"autor-page-left\"><img decoding=\"async\" src=\"\/wordpress\/bilder\/autoren\/friedrich_sell.jpg\" alt=\"\" \/><\/div>\n<div class=\"autor-page-right\">\n<div class=\"autor-page-name\">Prof. Dr. Friedrich L. Sell<\/div>\n<p><a href=\"https:\/\/www.unibw.de\/makro\/team\/sell\" target=\"blank\" rel=\"noopener\">Friedrich L. Sell<\/a> hat die <a href=\"https:\/\/www.unibw.de\/makro\/front-page\" target=\"blank\" rel=\"noopener\">Professur f\u00fcr Volkswirtschaftslehre, insbesondere Makro\u00f6konomik und Wirtschaftspolitik<\/a> an der Universit\u00e4t der Bundeswehr M\u00fcnchen inne.<\/p>\n<\/div>\n<\/div>\n<div class=\"autor-page-group\">\n<div class=\"autor-page-left\"><img decoding=\"async\" src=\"\/wordpress\/bilder\/seuffert2.png\" alt=\"\" \/><\/div>\n<div class=\"autor-page-right\">\n<div class=\"autor-page-name\">Dr. Stefan Seuffert<\/div>\n<p>Stefan Seuffert ist Habilitand am Institut f\u00fcr Finanzwissenschaft und Sozialpolitik an der Albert-Ludwigs-Universit\u00e4t Freiburg.<\/p>\n<\/div>\n<\/div>\n<div class=\"autor-page-group\">\n<div class=\"autor-page-left\"><img decoding=\"async\" src=\"\/wordpress\/bilder\/siebert.JPG\" alt=\"\" \/><\/div>\n<div class=\"autor-page-right\">\n<div class=\"autor-page-name\">Prof. Dr. Dr. h.c. Horst Siebert<\/div>\n<p><a href=\"http:\/\/www.uni-kiel.de\/IfW\/staff\/siebert.htm\" target=\"_blank\" rel=\"noopener\">Horst Siebert<\/a> war Pr\u00e4sident des <a href=\"http:\/\/www.uni-kiel.de\/IfW\/\" target=\"_blank\" rel=\"noopener\">Instituts f\u00fcr Weltwirtschaft<\/a> in Kiel.<\/p>\n<\/div>\n<\/div>\n<div class=\"autor-page-group\">\n<div class=\"autor-page-left\"><img decoding=\"async\" src=\"\/wordpress\/bilder\/autoren\/gernotsieg.jpg\" alt=\"\" \/><\/div>\n<div class=\"autor-page-right\">\n<div class=\"autor-page-name\">Prof. Dr. Gernot Sieg<\/div>\n<p><a href=\"http:\/\/www.wiwi.uni-muenster.de\/ivm\/organisation\/mitarbeiter\/10gesi.html\" target=\"_blank\" rel=\"noopener\">Gernot Sieg<\/a> leitet den Lehrstuhl f\u00fcr Industrie\u00f6konomik, insbesondere Infrastruktur- und Verkehrs\u00f6konomik, der <a href=\"http:\/\/www.uni-muenster.de\/de\/\" target=\"_blank\" rel=\"noopener\">Westf\u00e4lischen Wilhelms-Universit\u00e4t M\u00fcnster<\/a>.<\/p>\n<\/div>\n<\/div>\n<div class=\"autor-page-group\">\n<div class=\"autor-page-left\"><img decoding=\"async\" src=\"\/wordpress\/bilder\/sievert.jpg\" alt=\"\" \/><\/div>\n<div class=\"autor-page-right\">\n<div class=\"autor-page-name\">Prof. Dr. Olaf Sievert<\/div>\n<p>Olaf Sievert ist Honorarprofessor an der <a href=\"http:\/\/www.uni-saarland.de\/\" target=\"blank\" rel=\"noopener\">Universit\u00e4t des Saarlandes<\/a>. Er war Pr\u00e4sident der Landeszentralbank in Sachsen und Th\u00fcringen.<\/p>\n<\/div>\n<\/div>\n<div class=\"autor-page-group\">\n<div class=\"autor-page-left\"><img decoding=\"async\" src=\"\/wordpress\/bilder\/hwsinn.jpg\" alt=\"\" \/><\/div>\n<div class=\"autor-page-right\">\n<div class=\"autor-page-name\">Prof. Dr. Dr. h.c. Hans-Werner Sinn<\/div>\n<p><a href=\"http:\/\/www.pe.vwl.uni-muenchen.de\/personen\/professoren\/hws\/index.html\" target=\"_blank\" rel=\"noopener\">Hans-Werner Sinn<\/a> war Inhaber des <a href=\"http:\/\/www.pe.vwl.uni-muenchen.de\/index.html\" target=\"_blank\" rel=\"noopener\">Lehrstuhls<\/a> f\u00fcr National\u00f6konomie und Finanzwissenschaft an der Ludwig-Maximilians-Universit\u00e4t <a href=\"http:\/\/www.uni-muenchen.de\/index.html\" target=\"_blank\" rel=\"noopener\">M\u00fcnchen<\/a>. Er war <a href=\"http:\/\/www.cesifo-group.de\/portal\/page\/portal\/ifoHome\/f-about\/f3aboutifo\/50ifostaff\/_HWS\" target=\"_blank\" rel=\"noopener\">Pr\u00e4sident<\/a> des <a href=\"www.ifo.de\" target=\"_blank\" rel=\"noopener\">ifo<\/a> Instituts f\u00fcr Wirtschaftsforschung.<\/p>\n<\/div>\n<\/div>\n<div class=\"autor-page-group\">\n<div class=\"autor-page-left\"><img decoding=\"async\" src=\"\/wordpress\/bilder\/klemens.png\" alt=\"\" \/><\/div>\n<div class=\"autor-page-right\">\n<div class=\"autor-page-name\">Prof. Dr. Klemen Skibicki<\/div>\n<p>Klemens Skibicki ist Inhaber von <a href=\"https:\/\/www.profski.com\/about\">Profski Consulting<\/a> in K\u00f6ln.<\/p>\n<\/div>\n<\/div>\n<div class=\"autor-page-group\">\n<div class=\"autor-page-left\"><img decoding=\"async\" src=\"\/wordpress\/bilder\/412.png\" alt=\"\" \/><\/div>\n<div class=\"autor-page-right\">\n<div class=\"autor-page-name\">Prof. Dr. Fritz S\u00f6llner<\/div>\n<p>Fritz S\u00f6llner ist <a href=\"https:\/\/www.tu-ilmenau.de\/de\/fiw\/team\/prof-dr-fritz-soellner\/\">Professor f\u00fcr Volkswirtschaftslehre, insbesondere Finanzwissenschaft, an der Technischen Universit\u00e4t Ilmenau<\/a>; seine Forschungsinteressen gelten der Migrationspolitik, der Umweltpolitik und der Theoriegeschichte.<\/p>\n<\/div>\n<\/div>\n<div class=\"autor-page-group\">\n<div class=\"autor-page-left\"><img decoding=\"async\" src=\"\/wordpress\/bilder\/280.png\" alt=\"\" \/><\/div>\n<div class=\"autor-page-right\">\n<div class=\"autor-page-name\">Dr. Ralph Solveen<\/div>\n<p>Ralph Solveen ist stellv. Leiter Economic Research der Commerzbank.<\/p>\n<\/div>\n<\/div>\n<div class=\"autor-page-group\">\n<div class=\"autor-page-left\"><img decoding=\"async\" src=\"\/wordpress\/bilder\/spix.png\" alt=\"\" \/><\/div>\n<div class=\"autor-page-right\">\n<div class=\"autor-page-name\">Julia Spix<\/div>\n<p>Julia Spix ist wissenschaftliche Mitarbeiterin im ZEW Forschungsbereich &#8222;Unternehmensbesteuerung und \u00d6ffentliche Finanzwirtschaft&#8220;.<\/p>\n<\/div>\n<\/div>\n<div class=\"autor-page-group\">\n<div class=\"autor-page-left\"><img decoding=\"async\" src=\"\/wordpress\/bilder\/stamer.png\" alt=\"\" \/><\/div>\n<div class=\"autor-page-right\">\n<div class=\"autor-page-name\">Dr. Vincent Stamer<\/div>\n<p>Vincent Stamer ist Senior Economist bei der Commerbank AG.<\/p>\n<\/div>\n<\/div>\n<div class=\"autor-page-group\">\n<div class=\"autor-page-left\"><img decoding=\"async\" src=\"\/wordpress\/bilder\/steiger.png\" alt=\"\" \/><\/div>\n<div class=\"autor-page-right\">\n<div class=\"autor-page-name\">Wolfgang Steiger<\/div>\n<p>Wolfgang Steiger ist Generalsekret\u00e4r des <a href=\"https:\/\/www.wirtschaftsrat.de\/wirtschaftsrat.nsf\/id\/wir-ueber-uns-de\">Wirtschaftsrates der CDU<\/a>.<\/p>\n<\/div>\n<\/div>\n<div class=\"autor-page-group\">\n<div class=\"autor-page-left\"><img decoding=\"async\" src=\"\/wordpress\/bilder\/steinbrenner.png\" alt=\"\" \/><\/div>\n<div class=\"autor-page-right\">\n<div class=\"autor-page-name\">Daniela Steinbrenner<\/div>\n<p>Daniela Steinbrenner ist wissenschaftliche Mitarbeiterin im ZEW Forschungsbereich &#8222;Unternehmensbesteuerung und \u00d6ffentliche Finanzwirtschaft&#8220;.<\/p>\n<\/div>\n<\/div>\n<div class=\"autor-page-group\">\n<div class=\"autor-page-left\"><img decoding=\"async\" src=\"\/wordpress\/bilder\/steindl.png\" alt=\"\" \/><\/div>\n<div class=\"autor-page-right\">\n<div class=\"autor-page-name\">Dr. Florian Steindl<\/div>\n<p>Florian Steidl ist Lehrbeauftragter an der Hochschule Rhein-Main\/Wiesbaden Business School.<\/p>\n<\/div>\n<\/div>\n<div class=\"autor-page-group\">\n<div class=\"autor-page-left\"><img decoding=\"async\" src=\"\/wordpress\/bilder\/autoren\/Stobbe.jpg\" alt=\"\" \/><\/div>\n<div class=\"autor-page-right\">\n<div class=\"autor-page-name\">Dr. Antje Stobbe<\/div>\n<p>Dr. Antje Stobbe ist Leiterin des Teams <a href=\"http:\/\/www.dbresearch.de\/servlet\/reweb2.ReWEB?rwnode=DBR_INTERNET_DE-PROD$RESEARCHTEAM&amp;rwsite=DBR_INTERNET_DE-PROD\">Branchen, Technologie, Ressourcen bei DBResearch<\/a>. Sie ist Mitglied im <a href=\"http:\/\/www.ik-info.de\/cms\/index.php?option=com_content&amp;task=view&amp;id=29&amp;Itemid=41\">Beirat des Informations- und Kommunikationsrings der Finanzdienstleister<\/a>.<\/p>\n<\/div>\n<\/div>\n<div class=\"autor-page-group\">\n<div class=\"autor-page-left\"><img decoding=\"async\" src=\"\/wordpress\/bilder\/stockhausen.png\" alt=\"\" \/><\/div>\n<div class=\"autor-page-right\">\n<div class=\"autor-page-name\">Dr.Maximilian Stockhausen<\/div>\n<p>Maximilian Stockhausen ist Senior Economist f\u00fcr Soziale Sicherung und Verteilung am IW K\u00f6ln.<\/p>\n<\/div>\n<\/div>\n<div class=\"autor-page-group\">\n<div class=\"autor-page-left\"><img decoding=\"async\" src=\"\/wordpress\/bilder\/stramka1.png\" alt=\"\" \/><\/div>\n<div class=\"autor-page-right\">\n<div class=\"autor-page-name\">Sebastian Stramka<\/div>\n<p>Sebastian Stramka, M.Sc. ist Wissenschaftlicher Mitarbeiter am Center f\u00fcr Intergenerative Finanzwissenschaft der WHU &#8211; Otto Beisheim School of Management<\/p>\n<\/div>\n<\/div>\n<div class=\"autor-page-group\">\n<div class=\"autor-page-left\"><img decoding=\"async\" src=\"\/wordpress\/bilder\/streit.png\" alt=\"\" \/><\/div>\n<div class=\"autor-page-right\">\n<div class=\"autor-page-name\">Prof. Dr. Manfred Streit<\/div>\n<p>Manfred Streit war im Jahre 1993 Gr\u00fcndungsdirektor des <a href=\"http:\/\/www.econ.mpg.de\/deutsch\/\">Max-Planck-Instituts f\u00fcr \u00d6konomik<\/a> in Jena.<\/p>\n<\/div>\n<\/div>\n<div class=\"autor-page-group\">\n<div class=\"autor-page-left\"><img decoding=\"async\" src=\"\/wordpress\/bilder\/stroll.png\" alt=\"\" \/><\/div>\n<div class=\"autor-page-right\">\n<div class=\"autor-page-name\">The Strolling Economist<\/div>\n<p><a href=\"https:\/\/strollingeconomist.substack.com\/\">Der Strolling Economist<\/a> ist ein Blog von Johannes Eber; der als \u00d6konom in Berlin lebt und eine Vorliebe f\u00fcr Fotografie hat.<\/p>\n<\/div>\n<\/div>\n<div class=\"autor-page-group\">\n<div class=\"autor-page-left\"><img decoding=\"async\" src=\"\/wordpress\/bilder\/PortraitStreamer.png\" alt=\"\" \/><\/div>\n<div class=\"autor-page-right\">\n<div class=\"autor-page-name\">Janine Studerus, MA HSG<\/div>\n<p>Janine Studerus ist Doktorandin am Institut f\u00fcr Finanzwissenschaft und Finanzrecht (IFF) der Universit\u00e4t St. Gallen.<\/p>\n<\/div>\n<\/div>\n<div class=\"autor-page-group\">\n<div class=\"autor-page-left\"><img decoding=\"async\" src=\"http:\/\/www.rwi-essen.de\/media\/content\/mitarbeiter\/portrait-fotos\/colin_vance.jpg\" alt=\"\" \/><\/div>\n<div class=\"autor-page-right\">\n<div class=\"autor-page-name\"><a href=\"http:\/\/www.rwi-essen.de\/vance\">Prof. Dr. Colin Vance<\/a><\/div>\n<p class=\"madetail-function\">Colin Vance ist stellvertretender Leiter des Kompetenzbereichs &#8222;Umwelt und Ressourcen&#8220; beim <a href=\"http:\/\/www.rwi-essen.de\/das-rwi\/\">RWI<\/a> in Essen<\/p>\n<\/div>\n<\/div>\n<div class=\"autor-page-group\">\n<div class=\"autor-page-left\"><img decoding=\"async\" src=\"\/wordpress\/bilder\/suntum.jpg\" alt=\"\" \/><\/div>\n<div class=\"autor-page-right\">\n<div class=\"autor-page-name\">Prof. Dr. Ulrich van Suntum<\/div>\n<p>Ulrich van Suntum ist Leiter des <a href=\"http:\/\/www.wiwi.uni-muenster.de\/insiwo\/organisation\/17ulvs.html\">Instituts f\u00fcr Siedlungs- und Wohnungswesens<\/a> an der <a href=\"http:\/\/www.uni-muenster.de\/de\/\">Universit\u00e4t M\u00fcnster<\/a>.<\/p>\n<\/div>\n<\/div>\n<div class=\"autor-page-group\">\n<div class=\"autor-page-left\"><img decoding=\"async\" src=\"\/wordpress\/bilder\/athess.png\" alt=\"\" \/><\/div>\n<div class=\"autor-page-right\">\n<div class=\"autor-page-name\">Prof. Dr. Andr\u00e9 Thess<\/div>\n<p>Andr\u00e9 Thess ist <a href=\"https:\/\/www.uni-stuttgart.de\/presse\/experten\/Prof.-Dr.-Andre-Thess\/\">Professor f\u00fcr Energiespeicherung an der Universit\u00e4t Stuttgart<\/a>, Direktor eines Energieforschungsinstitutes und Autor des Buches <a href=\"https:\/\/www.amazon.de\/Energiegipfel-Ausweg-aus-dem-Klimakampf\/dp\/3784437346\">\u201eDer Energiegipfel \u2013 Ausweg aus dem Klimakampf\u201c<\/a>.<\/p>\n<\/div>\n<\/div>\n<div class=\"autor-page-group\">\n<div class=\"autor-page-left\"><img decoding=\"async\" src=\"\/wordpress\/bilder\/autoren\/theresia_theurl.jpg\" alt=\"\" \/><\/div>\n<div class=\"autor-page-right\">\n<div class=\"autor-page-name\">Prof. Dr. Theresia Theurl<\/div>\n<p><a href=\"http:\/\/www.wiwi.uni-muenster.de\/06\/\/organisation\/lehrstuhlinhaberin\/lehrstuhlinhaberin.html\" target=\"_blank\" rel=\"noopener\">Theresia Theurl<\/a> ist Professorin f\u00fcr Volkswirtschaftslehre und leitet das <a href=\"http:\/\/www.wiwi.uni-muenster.de\/06\/\/index.php\" target=\"_blank\" rel=\"noopener\">Institut<\/a> f\u00fcr Genossenschaftswesen im Centrum f\u00fcr Angewandte Wirtschaftsforschung (<a href=\"http:\/\/www.wiwi.uni-muenster.de\/cawm\/\" target=\"_blank\" rel=\"noopener\">CAWM<\/a>) der Westf\u00e4lischen Wilhelms-<a href=\"http:\/\/www.uni-muenster.de\/de\/index.html\" target=\"_blank\" rel=\"noopener\">Universit\u00e4t<\/a> M\u00fcnster.<\/p>\n<\/div>\n<\/div>\n<div class=\"autor-page-group\">\n<div class=\"autor-page-left\"><img decoding=\"async\" src=\"\/wordpress\/bilder\/thode.jpg\" alt=\"\" \/><\/div>\n<div class=\"autor-page-right\">\n<div class=\"autor-page-name\">Eric Thode<\/div>\n<p>Dipl.-Vw. Eric Thode ist Projektleiter im Themenfeld &#8222;Wirtschaft und Soziales&#8220; der <a href=\"http:\/\/www.bertelsmann-stiftung.de\/cps\/rde\/xchg\/SID-95788692-7777B537\/bst\/hs.xsl\/experten_18516.htm\">Bertelsmann Stiftung<\/a> und Lehrbeauftragter im Fachbereich Wirtschaft an der <a href=\"http:\/\/www.fh-bielefeld.de\/\">FH Bielefeld<\/a>.<\/p>\n<\/div>\n<\/div>\n<div class=\"autor-page-group\">\n<div class=\"autor-page-left\"><img decoding=\"async\" src=\"\/wordpress\/bilder\/autoren\/thome.jpg\" alt=\"\" \/><\/div>\n<div class=\"autor-page-right\">\n<div class=\"autor-page-name\">Prof. Dr. Rainer Thom\u00e9<\/div>\n<p><a href=\"http:\/\/www.wiinf.uni-wuerzburg.de\/\" target=\"blank\" rel=\"noopener\">Rainer Thom\u00e9<\/a> war Inhaber des <a href=\"http:\/\/www.wiinf.uni-wuerzburg.de\/\" target=\"blank\" rel=\"noopener\">Lehrstuhls<\/a> f\u00fcr Betriebswirtschaftslehre und Wirtschaftsinformatik an der <a href=\"http:\/\/www.uni-wuerzburg.de\/\" target=\"blank\" rel=\"noopener\">Universit\u00e4t W\u00fcrzburg<\/a>.<\/p>\n<\/div>\n<\/div>\n<div class=\"autor-page-group\">\n<div class=\"autor-page-left\"><img decoding=\"async\" src=\"\/wordpress\/bilder\/autoren\/marcel_thum.jpg\" alt=\"\" \/><\/div>\n<div class=\"autor-page-right\">\n<div class=\"autor-page-name\">Prof. Dr. Marcel Thum<\/div>\n<p><a href=\"http:\/\/tu-dresden.de\/die_tu_dresden\/fakultaeten\/fakultaet_wirtschaftswissenschaften\/vwl\/fiwi\/team_ordner\/index_html#normal_thum\" target=\"blank\" rel=\"noopener\">Marcel Thum<\/a> ist Inhaber des Lehrstuhls f\u00fcr Volkswirtschaftslehre, insbesondere Finanzwissenschaft an der Technischen Universit\u00e4t Dresden<\/p>\n<\/div>\n<\/div>\n<div class=\"autor-page-group\">\n<div class=\"autor-page-left\"><img decoding=\"async\" src=\"\/wordpress\/bilder\/truger.png\" alt=\"\" \/><\/div>\n<div class=\"autor-page-right\">\n<div class=\"autor-page-name\">Prof. Dr. Achim Truger<\/div>\n<p><a href=\"https:\/\/www.uni-due.de\/soziooekonomie\/truger\">Achim Truger<\/a> ist\u00a0Professur f\u00fcr Sozio\u00f6konomie mit Schwerpunkt Staatst\u00e4tigkeit und Staatsfinanzen an der Universit\u00e4t Duisburg-Essen.<\/p>\n<\/div>\n<\/div>\n<div class=\"autor-page-group\">\n<div class=\"autor-page-left\"><img decoding=\"async\" src=\"\/wordpress\/bilder\/VanRoye.jpg\" alt=\"\" \/><\/div>\n<div class=\"autor-page-right\">\n<div class=\"autor-page-name\">Bj\u00f6rn van Roye<\/div>\n<p><a href=\"http:\/\/www.ifw-members.ifw-kiel.de\/~bjoern_vanroye_ifw_kiel_de\">Bj\u00f6rn van Roye<\/a> ist Mitarbeiter des Prognose-Zentrums im<a href=\"http:\/\/www.ifw-kiel.de\/\"> Institut f\u00fcr <\/a><a href=\"http:\/\/www.ifw-kiel.de\/\">Weltwirtschaft in Kiel<\/a>.<\/p>\n<\/div>\n<\/div>\n<div class=\"autor-page-group\">\n<div class=\"autor-page-left\"><img decoding=\"async\" src=\"\/wordpress\/bilder\/autoren\/vanberg.jpg\" alt=\"\" \/><\/div>\n<div class=\"autor-page-right\">\n<div class=\"autor-page-name\">Prof. Dr. Viktor J. Vanberg<\/div>\n<p><a href=\"http:\/\/www.wipo.uni-freiburg.de\/Abteilungen\/Vanberg\/Mitarbeiter\/vanbergv\/\" target=\"_blank\" rel=\"noopener\">Viktor Vanberg<\/a> war Professor f\u00fcr Wirtschaftspolitik am <a href=\"http:\/\/www.wipo.uni-freiburg.de\/Lehrstuhl\" target=\"_blank\" rel=\"noopener\">Institut<\/a> f\u00fcr Allgemeine Wirtschaftsforschung an der Albert-Ludwigs-Universit\u00e4t <a href=\"http:\/\/www.uni-freiburg.de\/\" target=\"_blank\" rel=\"noopener\">Freiburg<\/a> und <a href=\"http:\/\/www.eucken.de\/mitarbeiter\/vanberg.htm\" target=\"_blank\" rel=\"noopener\">Leiter<\/a> des <a href=\"http:\/\/www.eucken.de\/\" target=\"_blank\" rel=\"noopener\">Walter-Eucken-Instituts<\/a>.<\/p>\n<\/div>\n<\/div>\n<div class=\"autor-page-group\">\n<div class=\"autor-page-left\"><img decoding=\"async\" src=\"\/wordpress\/bilder\/voigt1.png\" alt=\"\" \/><\/div>\n<div class=\"autor-page-right\">\n<div class=\"autor-page-name\">Prof. Dr. Stefan Voigt<\/div>\n<p>Stefan Voigt ist Professor f\u00fcr \u00f6konomische Analyse des Rechts und Direktor am Institut f\u00fcr Recht &amp; \u00d6konomik an der Fakult\u00e4t f\u00fcr Rechtswissenschaft.<\/p>\n<\/div>\n<\/div>\n<div class=\"autor-page-group\">\n<div class=\"autor-page-left\"><img decoding=\"async\" src=\"\/wordpress\/bilder\/voigt.png\" alt=\"\" \/><\/div>\n<div class=\"autor-page-right\">\n<div class=\"autor-page-name\">Prof. Dr. Michael Voigtl\u00e4nder<\/div>\n<div>Michael Voigl\u00e4nder leitet im Institut der deutschen Wirtschaft in K\u00f6ln das Kompetenzfeld Finanz- und Immobilienm\u00e4rkte. Er ist zudem Professor an der Hochschule Bonn-Rhein-Sieg.<\/div>\n<\/div>\n<\/div>\n<div class=\"autor-page-group\">\n<div class=\"autor-page-left\"><img decoding=\"async\" src=\"\/wordpress\/bilder\/257.png\" alt=\"\" \/><\/div>\n<div class=\"autor-page-right\">\n<div class=\"autor-page-name\">Dr. Michael von Prollius<\/div>\n<p><a href=\"http:\/\/michael.von.prollius.de\/\" target=\"_blank\" rel=\"noopener\">Michael von Prollius<\/a> ist Publizist und Gr\u00fcnder des &#8222;<a href=\"http:\/\/www.forum-freie-gesellschaft.de\/\">Forum Freie Gesellschaft<\/a>&#8222;.<\/p>\n<\/div>\n<\/div>\n<div class=\"autor-page-group\">\n<div class=\"autor-page-left\"><img decoding=\"async\" src=\"\/wordpress\/bilder\/Waldenfels.png\" alt=\"\" \/><\/div>\n<div class=\"autor-page-right\">\n<div class=\"autor-page-name\">Katharina von Waldenfels<\/div>\n<p>Katharina von Waldenfels ist Gesch\u00e4ftsf\u00fchrerin, AL\u00ccTUS Capital Partners GmbH<\/p>\n<\/div>\n<\/div>\n<div class=\"autor-page-group\">\n<div class=\"autor-page-left\"><img decoding=\"async\" src=\"\/wordpress\/bilder\/gert1.png\" alt=\"\" \/><\/div>\n<div class=\"autor-page-right\">\n<div class=\"autor-page-name\">Prof. Dr. Dr. h.c. Gert G. Wagner<\/div>\n<p><a href=\"http:\/\/de.wikipedia.org\/wiki\/Gert_G._Wagner\" target=\"_blank\" rel=\"noopener\">Gert G. Wagner<\/a> ist Max Planck Fellow am MPI f\u00fcr Bildungsforschung in Berlin und Senior Fellow am DIW Berlin. Er ist auch Mitglied im Sachverst\u00e4ndigenrat f\u00fcr Verbraucherfragen (SVRV) sowie im Sozialbeirat der Bundesregierung.<\/p>\n<\/div>\n<\/div>\n<div class=\"autor-page-group\">\n<div class=\"autor-page-left\"><img decoding=\"async\" src=\"\/wordpress\/bilder\/252.png\" alt=\"\" \/><\/div>\n<div class=\"autor-page-right\">\n<div class=\"autor-page-name\">Dr. Marco Wagner<\/div>\n<p>Marco Wagner hat Europa und die Welt im Blick: Als Senior Volkswirt der Commerzbank nimmt er die wirtschaftliche Entwicklung der internationalen M\u00e4rkte unter die Lupe.<\/p>\n<\/div>\n<\/div>\n<div class=\"autor-page-group\">\n<div class=\"autor-page-left\"><img decoding=\"async\" src=\"\/wordpress\/bilder\/wambach.png\" alt=\"\" \/><\/div>\n<div class=\"autor-page-right\">\n<div class=\"autor-page-name\">Prof. Dr. Achim Wambach<\/div>\n<p><a href=\"http:\/\/www.iwp.uni-koeln.de\/institut\/team\/aktuelle-mitarbeiter\/prof-achim-wambach-ph-d\/\">Achim Wambach <\/a>ist Pr\u00e4sident des Zentrums f\u00fcr Europ\u00e4ische Wirtschaftsforschung (ZEW) und Vorsitzender der Monopolkommission.<\/p>\n<\/div>\n<\/div>\n<div class=\"autor-page-group\">\n<div class=\"autor-page-left\"><img decoding=\"async\" src=\"\/wordpress\/bilder\/weck.png\" alt=\"\" \/><\/div>\n<div class=\"autor-page-right\">\n<div class=\"autor-page-name\">Dr. Philipp Weckherlin<\/div>\n<p>Philipp Weckherlin ist \u00d6konom und Public Governance-Experte.<\/p>\n<\/div>\n<\/div>\n<div class=\"autor-page-group\">\n<div class=\"autor-page-left\"><img decoding=\"async\" src=\"\/wordpress\/bilder\/autoren\/no-avatar.png\" alt=\"\" \/><\/div>\n<div class=\"autor-page-right\">\n<div class=\"autor-page-name\">Prof. Dr. Erich Weede<\/div>\n<p><a href=\"http:\/\/www.soziologie.uni-bonn.de\/institut\/lehrkoerper\/prof.-dr.-erich-weede\" target=\"_blank\" rel=\"noopener\">Erich Weede<\/a> ist diplomierter Psychologe, promovierter und habilitierter Politikwissenschaftler und seit 2004 emeritierter Soziologe an der Rheinischen Friedrich-Wilhelms-<a href=\"http:\/\/www.uni-bonn.de\">Universit\u00e4t<\/a> Bonn.<\/p>\n<\/div>\n<\/div>\n<div class=\"autor-page-group\">\n<div class=\"autor-page-left\"><img decoding=\"async\" src=\"\/wordpress\/bilder\/wegner.jpg\" alt=\"\" \/><\/div>\n<div class=\"autor-page-right\">\n<div class=\"autor-page-name\">Prof. Dr. Gerhard Wegner<\/div>\n<p><a href=\"http:\/\/www.uni-erfurt.de\/institutionenoekonomie\/mitarbeiter\/lehrstuhlinhaber\/\">Gerhard Wegner<\/a> ist Inhaber des <a href=\"http:\/\/www.uni-erfurt.de\/institutionenoekonomie\/\" target=\"blank\" rel=\"noopener\">Lehrstuhls<\/a> f\u00fcr Institutionen\u00f6konomie und Wirtschaftspolitik an der <a href=\"http:\/\/www.uni-erfurt.de\/\" target=\"_blank\" rel=\"noopener\">Universit\u00e4t<\/a> Erfurt.<\/p>\n<\/div>\n<\/div>\n<div class=\"autor-page-group\">\n<div class=\"autor-page-left\"><img decoding=\"async\" src=\"\/wordpress\/bilder\/weich1.jpg\" alt=\"\" \/><\/div>\n<div class=\"autor-page-right\">\n<div class=\"autor-page-name\">Prof. Dr. Alfons Weichenrieder<\/div>\n<p>Alfons Weichenrieder ist Professor f\u00fcr Finanzwissenschaft an der Johann Wolfang Goethe-Universit\u00e4t Frankfurt.<\/p>\n<\/div>\n<\/div>\n<div class=\"autor-page-group\">\n<div class=\"autor-page-left\"><img decoding=\"async\" src=\"\/wordpress\/bilder\/253.png\" alt=\"\" \/><\/div>\n<div class=\"autor-page-right\">\n<div class=\"autor-page-name\">Bernd Weidensteiner<\/div>\n<p>Bernd Weidensteiner ist als Senior \u00d6konom der Commerzbank ein ausgesprochener Fachmann f\u00fcr die US-Geldpolitik sowie f\u00fcr internationale wirtschaftspolitische Entwicklungen.<\/p>\n<\/div>\n<\/div>\n<div class=\"autor-page-group\">\n<div class=\"autor-page-left\"><img decoding=\"async\" src=\"\/wordpress\/bilder\/weigl.png\" alt=\"\" \/><\/div>\n<div class=\"autor-page-right\">\n<div class=\"autor-page-name\">PD Dr. Paul Weigl<\/div>\n<p><a href=\"https:\/\/aktuelles.uni-frankfurt.de\/campus\/carolinum-plus-die-zahnarztpraxis-der-goethe-universitaet\/\">Paul Weigl<\/a> ist Privatdozent am Universit\u00e4tsklinikum der Johann Wolfgang Goethe-Universit\u00e4t in Frankfurt.<\/p>\n<\/div>\n<\/div>\n<div class=\"autor-page-group\">\n<div class=\"autor-page-left\"><img decoding=\"async\" src=\"\/wordpress\/bilder\/327.png\" alt=\"\" \/><\/div>\n<div class=\"autor-page-right\">\n<div class=\"autor-page-name\">Christoph Weil<\/div>\n<p>Christoph Weil ist Dipl.-Kfm. Er ist Senior Economist in der Commerzbank, zust\u00e4ndig f\u00fcr den Euroraum.<\/p>\n<\/div>\n<\/div>\n<div class=\"autor-page-group\">\n<div class=\"autor-page-left\"><img decoding=\"async\" src=\"\/wordpress\/bilder\/wenger.jpg\" alt=\"\" \/><\/div>\n<div class=\"autor-page-right\">\n<div class=\"autor-page-name\">Prof. Dr. Ekkehard Wenger<\/div>\n<p>Ekkehard Wenger war Inhaber des Lehrstuhls f\u00fcr <a href=\"http:\/\/www.bwl.uni-wuerzburg.de\/lehrstuehle\/bwl4\/startseite\/\">BWL, Bank- und Kreditwirtschaft<\/a> an der <a href=\"http:\/\/www.uni-wuerzburg.de\/\">Julius-Maximilians-Universit\u00e4t<\/a> W\u00fcrzburg.<\/p>\n<\/div>\n<\/div>\n<div class=\"autor-page-group\">\n<div class=\"autor-page-left\"><img decoding=\"async\" src=\"\/wordpress\/bilder\/wid.png\" alt=\"\" \/><\/div>\n<div class=\"autor-page-right\">\n<div class=\"autor-page-name\">Dr. Markus Widmann<\/div>\n<p>Markus Widmann ist Wissenschaftlicher Mitarbeiter an der Professur f\u00fcr Rechnungswesen &amp; Wirtschaftspr\u00fcfung an der Universit\u00e4t Trier.<\/p>\n<\/div>\n<\/div>\n<div class=\"autor-page-group\">\n<div class=\"autor-page-left\"><img decoding=\"async\" src=\"\/wordpress\/bilder\/winter2.jpg\" alt=\"\" \/><\/div>\n<div class=\"autor-page-right\">\n<div class=\"autor-page-name\">Prof. Dr. Stefan Winter<\/div>\n<p><a href=\"http:\/\/www.ruhr-uni-bochum.de\/hrm\/team\/winter.html\" target=\"_blank\" rel=\"noopener\">Stefan Winter<\/a> ist Inhaber des <a href=\"http:\/\/www.ruhr-uni-bochum.de\/hrm\/index.html\" target=\"_blank\" rel=\"noopener\">Lehrstuhls<\/a> f\u00fcr Human Resource Management an der <a href=\"http:\/\/www.ruhr-uni-bochum.de\/\" target=\"_blank\" rel=\"noopener\">Ruhr-Universit\u00e4t Bochum<\/a>.<\/p>\n<\/div>\n<\/div>\n<div class=\"autor-page-group\">\n<div class=\"autor-page-left\"><img decoding=\"async\" src=\"\/wordpress\/bilder\/wini.png\" alt=\"\" \/><\/div>\n<div class=\"autor-page-right\">\n<div class=\"autor-page-name\">Marc M. Winist\u00f6rfer<\/div>\n<p><a href=\"http:\/\/www.weblaw.ch\/competence\/people\/w\/winist%C3%B6rfer_marc.html\">Marc M. Winist\u00f6rfer<\/a>, MLaw &amp; BA in Political Economics, ist Doktorand an der Universit\u00e4t Luzern<\/p>\n<\/div>\n<\/div>\n<div class=\"autor-page-group\">\n<div class=\"autor-page-left\"><img decoding=\"async\" src=\"\/wordpress\/bilder\/wittenstein.jpg\" alt=\"\" \/><\/div>\n<div class=\"autor-page-right\">\n<div class=\"autor-page-name\">Dr. h.c. Manfred Wittenstein<\/div>\n<p>Manfred Wittenstein ist Eigent\u00fcmer der <a href=\"http:\/\/www.wittenstein.de\/\" target=\"_blank\" rel=\"noopener\">WITTENSTEIN AG<\/a>. Er war Pr\u00e4sident des Verbandes Deutscher Maschinen- und Anlagenbau (<a href=\"http:\/\/www.vdma.org\/\" target=\"_blank\" rel=\"noopener\">VDMA<\/a>).<\/p>\n<\/div>\n<\/div>\n<div class=\"autor-page-group\">\n<div class=\"autor-page-left\"><img decoding=\"async\" src=\"\/wordpress\/bilder\/wittke.png\" alt=\"\" \/><\/div>\n<div class=\"autor-page-right\">\n<div class=\"autor-page-name\">Oliver Wittke<\/div>\n<div>Oliver Wittke ist Parlamentarischer Staatssekret\u00e4r im Bundesministerium f\u00fcr Wirtschaft und Energie.<\/div>\n<div>\u00a0<\/div>\n<\/div>\n<\/div>\n<div class=\"autor-page-group\">\n<div class=\"autor-page-left\"><img decoding=\"async\" src=\"\/wordpress\/bilder\/wohlgemuth.jpg\" alt=\"\" \/><\/div>\n<div class=\"autor-page-right\">\n<div class=\"autor-page-name\">Prof. Dr. Michael Wohlgemuth<\/div>\n<p><a href=\"http:\/\/www.walter-eucken-institut.de\/das-institut\/personen\/pd-dr-michael-wohlgemuth.html\" target=\"blank\" rel=\"noopener\">Michael Wohlgemuth<\/a> ist apl. Professor f\u00fcr Politische \u00d6konomie an der Universit\u00e4t Witten\/Herdecke.<\/p>\n<\/div>\n<\/div>\n<div class=\"autor-page-group\">\n<div class=\"autor-page-left\"><img decoding=\"async\" src=\"\/wordpress\/bilder\/wolfstetter.png\" alt=\"\" \/><\/div>\n<div class=\"autor-page-right\">\n<div class=\"autor-page-name\">Prof. Dr. Elmar Wolfstetter<\/div>\n<p><a href=\"https:\/\/www.wiwi.hu-berlin.de\/en\/Professorships\/vwl\/microeconomics\/people\/ewolfstetter\">Elmar Wolfstetter<\/a> ist emeritierter Professor f\u00fcr Volkswirtschaftslehre an der Humboldt-Universit\u00e4t zu Berlin.<\/p>\n<\/div>\n<\/div>\n<div class=\"autor-page-group\">\n<div class=\"autor-page-left\"><img decoding=\"async\" src=\"\/wordpress\/bilder\/yalcin.jpg\" alt=\"\" \/><\/div>\n<div class=\"autor-page-right\">\n<div class=\"autor-page-name\">Prof. Dr. Erdal Yalcin<\/div>\n<p>Erdal Yalcin ist Professor f\u00fcr Internationale Volkswirtschaftslehre mit dem Schwerpunkt Internationale Wirtschaftsbeziehungen an der Hochschule Konstanz (HTWG Konstanz).<\/p>\n<\/div>\n<\/div>\n<div class=\"autor-page-group\">\n<div class=\"autor-page-left\"><img decoding=\"async\" src=\"\/wordpress\/bilder\/zeddies.png\" alt=\"\" \/><\/div>\n<div class=\"autor-page-right\">\n<div class=\"autor-page-name\">Dr. G\u00f6tz Zeddies<\/div>\n<p><a href=\"https:\/\/www.iwh-halle.de\/ueber-das-iwh\/team\/detail\/goetz-zeddies\/\">G\u00f6tz Zeddies<\/a> ist Wissenschaftlicher Mitarbeiter der Abteilung Makro\u00f6konomik des Leibniz-Instituts f\u00fcr Wirtschaftsforschung Halle (IWH).<\/p>\n<\/div>\n<\/div>\n<div class=\"autor-page-group\">\n<div class=\"autor-page-left\"><img decoding=\"async\" src=\"\/wordpress\/bilder\/zerth.jpg\" alt=\"\" \/><\/div>\n<div class=\"autor-page-right\">\n<div class=\"autor-page-name\">Prof. Dr. J\u00fcrgen Zerth<\/div>\n<p>J\u00fcrgen Zerth ist Inhaber der Professur <a href=\"http:\/\/www.wlh-fuerth.de\/de\/wlh\/departments\/i-oekonomie-und-management\/wirtschaftswissenschaften\/\">Wirtschaftswissenschaften, Schwerpunkt Gesundheits\u00f6konomie<\/a> an der <a href=\"http:\/\/www.wlh-fuerth.de\/home\/\">Wilhelm-L\u00f6he-Hochschule<\/a> in F\u00fcrth.<\/p>\n<\/div>\n<\/div>\n<div class=\"autor-page-group\">\n<div class=\"autor-page-left\"><img decoding=\"async\" src=\"\/wordpress\/bilder\/zhou.png\" alt=\"\" \/><\/div>\n<div class=\"autor-page-right\">\n<div class=\"autor-page-name\">Hao Zhou<\/div>\n<p>Hao Zhou ist Senior Volkswirt der Commerzbank.<\/p>\n<\/div>\n<\/div>\n<div class=\"autor-page-group\">\n<div class=\"autor-page-left\"><img decoding=\"async\" src=\"\/wordpress\/bilder\/autoren\/zimmermann.JPG\" alt=\"\" \/><\/div>\n<div class=\"autor-page-right\">\n<div class=\"autor-page-name\">Dr. Guido Zimmermann<\/div>\n<p>Guido Zimmermann ist als Senior Economist im LBBW Research bei der Landesbank Baden-W\u00fcrttemberg zust\u00e4ndig f\u00fcr makro\u00f6konomische Grundsatzfragen.<\/p>\n<\/div>\n<\/div>\n<div class=\"autor-page-group\">\n<div class=\"autor-page-left\"><img decoding=\"async\" src=\"\/wordpress\/bilder\/autoren\/klaus_f_zimmermann.jpg\" alt=\"\" \/><\/div>\n<div class=\"autor-page-right\">\n<div class=\"autor-page-name\">Prof. Dr. Klaus F. Zimmermann<\/div>\n<p><a href=\"https:\/\/www.klausfzimmermann.de\/kontakt\/\" target=\"_blank\" rel=\"noopener noreferrer\">Klaus F. Zimmermann<\/a> ist emeritierter Professor\u00a0f\u00fcr Wirtschaftliche Staatswissenschaften der Universit\u00e4t Bonn, <a href=\"https:\/\/www.wiwiss.fu-berlin.de\/en\/fachbereich\/vwl\/zimmermann\/index.html\" target=\"_blank\" rel=\"noopener noreferrer\">Honorarprofessor<\/a> der Freien Universit\u00e4t Berlin und Pr\u00e4sident der <a href=\"https:\/\/glabor.org\/\" target=\"_blank\" rel=\"noopener noreferrer\">Global Labor Organization<\/a> (GLO). Er war Gr\u00fcndungsdirektor des IZA in Bonn und Pr\u00e4sident des DIW Berlin.<\/p>\n<\/div>\n<\/div>\n<\/div>\n\n\n<p><\/p>\n<!-- AddThis Advanced Settings generic via filter on the_content --><!-- AddThis Share Buttons generic via filter on the_content --><!-- AddThis Related Posts generic via filter on the_content -->","protected":false},"excerpt":{"rendered":"<p>Dr. Christian Abegglen Christian Abegglen ist Gesch\u00e4ftsf\u00fchrender Direktor, Gr\u00fcndungsdirektor und Pr\u00e4sident des Verwaltungsrates der St. Galler Business School (SGBS). Dr.Jochen Andritzky Jochen Andritzky ist Direktor &hellip; <\/p>\n<p class=\"link-more\"><a href=\"https:\/\/wirtschaftlichefreiheit.de\/wordpress\/?page_id=42\" class=\"more-link\"><span class=\"screen-reader-text\">\u201eDie G\u00e4ste\u201c <\/span>weiterlesen<\/a><\/p>\n<p><!-- AddThis Advanced Settings generic via filter on wp_trim_excerpt --><!-- AddThis Share Buttons generic via filter on wp_trim_excerpt --><!-- AddThis Related Posts generic via filter on wp_trim_excerpt --><\/p>\n","protected":false},"author":1,"featured_media":0,"parent":0,"menu_order":4,"comment_status":"open","ping_status":"closed","template":"","meta":{"footnotes":""},"class_list":["post-42","page","type-page","status-publish","hentry"],"yoast_head":"<!-- This site is optimized with the Yoast SEO plugin v27.2 - https:\/\/yoast.com\/product\/yoast-seo-wordpress\/ -->\n<title>Die G\u00e4ste - Wirtschaftliche Freiheit<\/title>\n<meta name=\"robots\" content=\"index, follow, max-snippet:-1, max-image-preview:large, max-video-preview:-1\" \/>\n<link rel=\"canonical\" href=\"https:\/\/wirtschaftlichefreiheit.de\/wordpress\/?page_id=42\" \/>\n<meta property=\"og:locale\" content=\"de_DE\" \/>\n<meta property=\"og:type\" content=\"article\" \/>\n<meta property=\"og:title\" content=\"Die G\u00e4ste - Wirtschaftliche Freiheit\" \/>\n<meta property=\"og:description\" content=\"Dr. Christian Abegglen Christian Abegglen ist Gesch\u00e4ftsf\u00fchrender Direktor, Gr\u00fcndungsdirektor und Pr\u00e4sident des Verwaltungsrates der St. Galler Business School (SGBS). Dr.Jochen Andritzky Jochen Andritzky ist Direktor &hellip; \u201eDie G\u00e4ste\u201c weiterlesen\" \/>\n<meta property=\"og:url\" content=\"https:\/\/wirtschaftlichefreiheit.de\/wordpress\/?page_id=42\" \/>\n<meta property=\"og:site_name\" content=\"Wirtschaftliche Freiheit\" \/>\n<meta property=\"article:modified_time\" content=\"2026-04-25T13:44:02+00:00\" \/>\n<meta property=\"og:image\" content=\"http:\/\/www.ecb-observer.com\/fx\/42_koesters.jpg\" \/>\n<meta name=\"twitter:card\" content=\"summary_large_image\" \/>\n<meta name=\"twitter:label1\" content=\"Gesch\u00e4tzte Lesezeit\" \/>\n\t<meta name=\"twitter:data1\" content=\"78\u00a0Minuten\" \/>\n<script type=\"application\/ld+json\" class=\"yoast-schema-graph\">{\"@context\":\"https:\/\/schema.org\",\"@graph\":[{\"@type\":\"WebPage\",\"@id\":\"https:\/\/wirtschaftlichefreiheit.de\/wordpress\/?page_id=42\",\"url\":\"https:\/\/wirtschaftlichefreiheit.de\/wordpress\/?page_id=42\",\"name\":\"Die G\u00e4ste - Wirtschaftliche Freiheit\",\"isPartOf\":{\"@id\":\"https:\/\/wirtschaftlichefreiheit.de\/wordpress\/#website\"},\"primaryImageOfPage\":{\"@id\":\"https:\/\/wirtschaftlichefreiheit.de\/wordpress\/?page_id=42#primaryimage\"},\"image\":{\"@id\":\"https:\/\/wirtschaftlichefreiheit.de\/wordpress\/?page_id=42#primaryimage\"},\"thumbnailUrl\":\"http:\/\/www.ecb-observer.com\/fx\/42_koesters.jpg\",\"datePublished\":\"2007-05-28T09:24:18+00:00\",\"dateModified\":\"2026-04-25T13:44:02+00:00\",\"breadcrumb\":{\"@id\":\"https:\/\/wirtschaftlichefreiheit.de\/wordpress\/?page_id=42#breadcrumb\"},\"inLanguage\":\"de\",\"potentialAction\":[{\"@type\":\"ReadAction\",\"target\":[\"https:\/\/wirtschaftlichefreiheit.de\/wordpress\/?page_id=42\"]}]},{\"@type\":\"ImageObject\",\"inLanguage\":\"de\",\"@id\":\"https:\/\/wirtschaftlichefreiheit.de\/wordpress\/?page_id=42#primaryimage\",\"url\":\"http:\/\/www.ecb-observer.com\/fx\/42_koesters.jpg\",\"contentUrl\":\"http:\/\/www.ecb-observer.com\/fx\/42_koesters.jpg\"},{\"@type\":\"BreadcrumbList\",\"@id\":\"https:\/\/wirtschaftlichefreiheit.de\/wordpress\/?page_id=42#breadcrumb\",\"itemListElement\":[{\"@type\":\"ListItem\",\"position\":1,\"name\":\"Startseite\",\"item\":\"https:\/\/wirtschaftlichefreiheit.de\/wordpress\"},{\"@type\":\"ListItem\",\"position\":2,\"name\":\"Die G\u00e4ste\"}]},{\"@type\":\"WebSite\",\"@id\":\"https:\/\/wirtschaftlichefreiheit.de\/wordpress\/#website\",\"url\":\"https:\/\/wirtschaftlichefreiheit.de\/wordpress\/\",\"name\":\"Wirtschaftliche Freiheit\",\"description\":\"Das ordnungspolitische Journal\",\"potentialAction\":[{\"@type\":\"SearchAction\",\"target\":{\"@type\":\"EntryPoint\",\"urlTemplate\":\"https:\/\/wirtschaftlichefreiheit.de\/wordpress\/?s={search_term_string}\"},\"query-input\":{\"@type\":\"PropertyValueSpecification\",\"valueRequired\":true,\"valueName\":\"search_term_string\"}}],\"inLanguage\":\"de\"}]}<\/script>\n<!-- \/ Yoast SEO plugin. -->","yoast_head_json":{"title":"Die G\u00e4ste - Wirtschaftliche Freiheit","robots":{"index":"index","follow":"follow","max-snippet":"max-snippet:-1","max-image-preview":"max-image-preview:large","max-video-preview":"max-video-preview:-1"},"canonical":"https:\/\/wirtschaftlichefreiheit.de\/wordpress\/?page_id=42","og_locale":"de_DE","og_type":"article","og_title":"Die G\u00e4ste - Wirtschaftliche Freiheit","og_description":"Dr. Christian Abegglen Christian Abegglen ist Gesch\u00e4ftsf\u00fchrender Direktor, Gr\u00fcndungsdirektor und Pr\u00e4sident des Verwaltungsrates der St. Galler Business School (SGBS). Dr.Jochen Andritzky Jochen Andritzky ist Direktor &hellip; \u201eDie G\u00e4ste\u201c weiterlesen","og_url":"https:\/\/wirtschaftlichefreiheit.de\/wordpress\/?page_id=42","og_site_name":"Wirtschaftliche Freiheit","article_modified_time":"2026-04-25T13:44:02+00:00","og_image":[{"url":"http:\/\/www.ecb-observer.com\/fx\/42_koesters.jpg","type":"","width":"","height":""}],"twitter_card":"summary_large_image","twitter_misc":{"Gesch\u00e4tzte Lesezeit":"78\u00a0Minuten"},"schema":{"@context":"https:\/\/schema.org","@graph":[{"@type":"WebPage","@id":"https:\/\/wirtschaftlichefreiheit.de\/wordpress\/?page_id=42","url":"https:\/\/wirtschaftlichefreiheit.de\/wordpress\/?page_id=42","name":"Die G\u00e4ste - Wirtschaftliche Freiheit","isPartOf":{"@id":"https:\/\/wirtschaftlichefreiheit.de\/wordpress\/#website"},"primaryImageOfPage":{"@id":"https:\/\/wirtschaftlichefreiheit.de\/wordpress\/?page_id=42#primaryimage"},"image":{"@id":"https:\/\/wirtschaftlichefreiheit.de\/wordpress\/?page_id=42#primaryimage"},"thumbnailUrl":"http:\/\/www.ecb-observer.com\/fx\/42_koesters.jpg","datePublished":"2007-05-28T09:24:18+00:00","dateModified":"2026-04-25T13:44:02+00:00","breadcrumb":{"@id":"https:\/\/wirtschaftlichefreiheit.de\/wordpress\/?page_id=42#breadcrumb"},"inLanguage":"de","potentialAction":[{"@type":"ReadAction","target":["https:\/\/wirtschaftlichefreiheit.de\/wordpress\/?page_id=42"]}]},{"@type":"ImageObject","inLanguage":"de","@id":"https:\/\/wirtschaftlichefreiheit.de\/wordpress\/?page_id=42#primaryimage","url":"http:\/\/www.ecb-observer.com\/fx\/42_koesters.jpg","contentUrl":"http:\/\/www.ecb-observer.com\/fx\/42_koesters.jpg"},{"@type":"BreadcrumbList","@id":"https:\/\/wirtschaftlichefreiheit.de\/wordpress\/?page_id=42#breadcrumb","itemListElement":[{"@type":"ListItem","position":1,"name":"Startseite","item":"https:\/\/wirtschaftlichefreiheit.de\/wordpress"},{"@type":"ListItem","position":2,"name":"Die G\u00e4ste"}]},{"@type":"WebSite","@id":"https:\/\/wirtschaftlichefreiheit.de\/wordpress\/#website","url":"https:\/\/wirtschaftlichefreiheit.de\/wordpress\/","name":"Wirtschaftliche Freiheit","description":"Das ordnungspolitische Journal","potentialAction":[{"@type":"SearchAction","target":{"@type":"EntryPoint","urlTemplate":"https:\/\/wirtschaftlichefreiheit.de\/wordpress\/?s={search_term_string}"},"query-input":{"@type":"PropertyValueSpecification","valueRequired":true,"valueName":"search_term_string"}}],"inLanguage":"de"}]}},"_links":{"self":[{"href":"https:\/\/wirtschaftlichefreiheit.de\/wordpress\/index.php?rest_route=\/wp\/v2\/pages\/42","targetHints":{"allow":["GET"]}}],"collection":[{"href":"https:\/\/wirtschaftlichefreiheit.de\/wordpress\/index.php?rest_route=\/wp\/v2\/pages"}],"about":[{"href":"https:\/\/wirtschaftlichefreiheit.de\/wordpress\/index.php?rest_route=\/wp\/v2\/types\/page"}],"author":[{"embeddable":true,"href":"https:\/\/wirtschaftlichefreiheit.de\/wordpress\/index.php?rest_route=\/wp\/v2\/users\/1"}],"replies":[{"embeddable":true,"href":"https:\/\/wirtschaftlichefreiheit.de\/wordpress\/index.php?rest_route=%2Fwp%2Fv2%2Fcomments&post=42"}],"version-history":[{"count":632,"href":"https:\/\/wirtschaftlichefreiheit.de\/wordpress\/index.php?rest_route=\/wp\/v2\/pages\/42\/revisions"}],"predecessor-version":[{"id":43752,"href":"https:\/\/wirtschaftlichefreiheit.de\/wordpress\/index.php?rest_route=\/wp\/v2\/pages\/42\/revisions\/43752"}],"wp:attachment":[{"href":"https:\/\/wirtschaftlichefreiheit.de\/wordpress\/index.php?rest_route=%2Fwp%2Fv2%2Fmedia&parent=42"}],"curies":[{"name":"wp","href":"https:\/\/api.w.org\/{rel}","templated":true}]}}